{"id":3512,"date":"2015-02-04T01:47:49","date_gmt":"2015-02-04T01:47:49","guid":{"rendered":"http:\/\/www.isbe-archaeologie.at\/?page_id=3512"},"modified":"2015-02-10T17:19:50","modified_gmt":"2015-02-10T17:19:50","slug":"mitterberg-st-marein","status":"publish","type":"page","link":"http:\/\/www.isbe-archaeologie.at\/?page_id=3512","title":{"rendered":"Mitterberg St. Marein"},"content":{"rendered":"<section  class='av_textblock_section av-av_textblock-0366cc7376be6c9e82a3e9cc8987b64f '   itemscope=\"itemscope\" itemtype=\"https:\/\/schema.org\/CreativeWork\" ><div class='avia_textblock'  itemprop=\"text\" ><h3>Eine fr\u00fche mittelalterliche Burgstelle und eine romanische Jakobskirche in Mitterberg bei St. Marein\/Neumarkt<\/h3>\n<p style=\"text-align: justify;\">Im Jahr 2001 wurde an der romanischen Kirchenruine St. Jakob am Mitterberg mit Bauuntersuchungen (Dipl.-Ing. J\u00fcrgen Moravi, Mag. Robert Kuttig, Mag. Christiane Wolfgang) und ersten\u00a0 konservierenden T\u00e4tigkeiten (auf Initiative der <a href=\"http:\/\/www.baukulturstiftung.at\/\" target=\"_blank\" rel=\"noopener\"><em>\u00d6sterreichischen Baukulturstiftung<\/em><\/a> und des <em>Vereins zur Erhaltung und Erforschung der \u00d6sterreichischen Baukultur<\/em>, Dipl. Ing. Johann Kolb) begonnen. Seit langem existierte die Vermutung, dass sich an der Stelle dieser kleinen Kirche eine Burg befunden haben soll. Die Gel\u00e4ndestrukturen rund um die Kirche erh\u00f6hten die Wahrscheinlichkeit dieser Annahme. Im Zusammenhang mit den intensiven Bauforschungen fanden in den Jahren 2008, 2009 und 2011 arch\u00e4ologische Untersuchungen des topographisch auff\u00e4lligen Kirchh\u00fcgels und des Kircheninnenraumes statt.<\/p>\n<p style=\"text-align: justify;\">Die 1460 erstmals genannte Kirche St. Jakob besteht aus einem l\u00e4ngsrechteckigen Saalraum, einem nach Osten orientierten Chorquadrat und einer n\u00f6rdlich an diesen Bauteil angesetzten Sakristei. Die \u00e4lteste erhaltene Bausubstanz der im Kern sp\u00e4tromanischen Kirche stammt aus dem mittleren 13. Jahrhundert. Einige Umbauten und Reparaturen wurden in der Fr\u00fch- und Sp\u00e4tgotik sowie im Barock vorgenommen.<\/p>\n<p style=\"text-align: justify;\">Im \u00dcbergang zwischen Langhaus und Chor, im sog. Triumphbogen, sind gotische Freskenreste mit der seltenen Darstellung einer Jakobsleiter erhalten. Weitere Malereireste finden sich an der Westwand des Chores. Im noch der romanischen Bausubstanz angeh\u00f6renden Trichterfenster des Chorscheitels haben sich Teile der originalen Strahlenkranzbemalung erhalten.<\/p>\n<p style=\"text-align: justify;\">Die Kirche liegt auf einem markanten, im Grundriss ann\u00e4hernd rundlich-ovalen H\u00fcgel, dessen Kuppe ein k\u00fcnstliches Plateau aufweist. Nach Norden hin f\u00e4llt das Gel\u00e4nde steil ab, im Osten befindet sich auf einer ausgepr\u00e4gten, k\u00fcnstlichen Terrasse die sog. \u201eVorburg\u201c. Westlich des \u201eKirchh\u00fcgels\u201c reichen die ersten Geb\u00e4ude des mittlerweile gro\u00dfteils verfallenen Geh\u00f6ftes \u201eMessner\u201c bis an den H\u00fcgelfu\u00df heran. In diesem Bereich l\u00e4sst sich in erster Linie durch unterschiedlichen Bewuchs ein am H\u00fcgelfu\u00df entlang ziehender, heute fast vollst\u00e4ndig verf\u00fcllter Graben ausmachen, dem nach au\u00dfen bzw. nach Westen hin ein kaum noch als solcher erkennbarer, weitgehend verschliffener bzw. abgetragener Wall vorgelagert war.<\/p>\n<p style=\"text-align: justify;\">Durch die arch\u00e4ologischen Untersuchungen der Jahre 2008 und 2009 konnte festgestellt werden, dass die Kirche St. Jakob auf einer vollst\u00e4ndig abgekommenen Burganlage des 10. und 11. Jahrhunderts errichtet wurde. Das oberste Plateau war einst von einer Ringmauer umgeben. Die Steine dieser Mauer sowie weiterer Geb\u00e4ude wurden bis auf die untersten Lagen des Fundamentes vollst\u00e4ndig abgetragen und dienten als Baumaterial zur Errichtung der Jakobskirche. Im Inneren der Burg konnten Reste von Holzgeb\u00e4uden nachgewiesen werden. In der sog. \u201eVorburg\u201c wurden ebenfalls Reste der einstigen Bebauung ergraben.<\/p>\n<p style=\"text-align: justify;\">In einem im Zwickel zwischen Sakristei und n\u00f6rdlicher Langhauswand der Kirche angelegten Schnitt zeigte sich eine Brandschicht, die mit der \u00fcberlieferten Brandzerst\u00f6rung von Teilen der Kirche um 1500 in Verbindung zu bringen ist. Diese Brandschicht konnte im sp\u00e4tromanischen Chor ebenfalls festgestellt werden.<\/p>\n<p style=\"text-align: justify;\">Rund einen halben Meter westlich des Altarsockels lag die vom Altar gekippte und an einer Seite gebrochene, rechteckige Altartischplatte mit einer Reliquienvertiefung in der Mitte.<\/p>\n<p style=\"text-align: justify;\">Im Jahr 2011 wurde der gesamte Innenraum der Kirche von den rezenten Schuttschichten gereinigt und der darunter teilweise noch gut erhaltene gotische Estrich freigelegt und dokumentiert. Auch unter dem Fu\u00dfboden der Kirche konnten weitere Reste der Holzbebauung der Vorg\u00e4ngerburganlage nachgewiesen werden.<\/p>\n<\/div><\/section>\n<div id='av-masonry-1' class='av-masonry av-av_masonry_gallery-f60274d0264ed466113f716026a11a1a noHover av-fixed-size av-1px-gap av-hover-overlay- av-masonry-animation-active av-masonry-col-6 av-caption-always av-caption-style- av-masonry-gallery ' data-post_id=\"3512\"><div class=\"av-masonry-container isotope av-js-disabled\"><div class='av-masonry-entry isotope-item av-masonry-item-no-image '><\/div><a href=\"http:\/\/www.isbe-archaeologie.at\/wp-content\/uploads\/2015\/02\/hitzeverf\u00e4rbter-Fels-Brandschicht-Pfostenloch-des-Ger\u00fcstes.jpg\" data-srcset=\"http:\/\/www.isbe-archaeologie.at\/wp-content\/uploads\/2015\/02\/hitzeverf\u00e4rbter-Fels-Brandschicht-Pfostenloch-des-Ger\u00fcstes.jpg 714w, http:\/\/www.isbe-archaeologie.at\/wp-content\/uploads\/2015\/02\/hitzeverf\u00e4rbter-Fels-Brandschicht-Pfostenloch-des-Ger\u00fcstes-80x80.jpg 80w, http:\/\/www.isbe-archaeologie.at\/wp-content\/uploads\/2015\/02\/hitzeverf\u00e4rbter-Fels-Brandschicht-Pfostenloch-des-Ger\u00fcstes-300x300.jpg 300w, http:\/\/www.isbe-archaeologie.at\/wp-content\/uploads\/2015\/02\/hitzeverf\u00e4rbter-Fels-Brandschicht-Pfostenloch-des-Ger\u00fcstes-36x36.jpg 36w, http:\/\/www.isbe-archaeologie.at\/wp-content\/uploads\/2015\/02\/hitzeverf\u00e4rbter-Fels-Brandschicht-Pfostenloch-des-Ger\u00fcstes-180x180.jpg 180w, http:\/\/www.isbe-archaeologie.at\/wp-content\/uploads\/2015\/02\/hitzeverf\u00e4rbter-Fels-Brandschicht-Pfostenloch-des-Ger\u00fcstes-705x705.jpg 705w, http:\/\/www.isbe-archaeologie.at\/wp-content\/uploads\/2015\/02\/hitzeverf\u00e4rbter-Fels-Brandschicht-Pfostenloch-des-Ger\u00fcstes-120x120.jpg 120w, http:\/\/www.isbe-archaeologie.at\/wp-content\/uploads\/2015\/02\/hitzeverf\u00e4rbter-Fels-Brandschicht-Pfostenloch-des-Ger\u00fcstes-450x450.jpg 450w\" data-sizes=\"(max-width: 714px) 100vw, 714px\"  aria-label=\"Bild hitzeverf\u00e4rbter Fels &#8211; Brandschicht &#8211; Pfostenloch des Ger\u00fcstes\"  id='av-masonry-1-item-3513' data-av-masonry-item='3513' class='av-masonry-entry isotope-item post-3513 attachment type-attachment status-inherit hentry  av-masonry-item-with-image' title=\"hitzeverf\u00e4rbter Fels &#8211; Brandschicht &#8211; Pfostenloch des Ger\u00fcstes\" alt=\"\"    itemprop=\"thumbnailUrl\" ><div class='av-inner-masonry-sizer'><\/div><figure class='av-inner-masonry main_color'><div class=\"av-masonry-outerimage-container\"><div class='av-masonry-image-container' style=\"background-image: url(http:\/\/www.isbe-archaeologie.at\/wp-content\/uploads\/2015\/02\/hitzeverf\u00e4rbter-Fels-Brandschicht-Pfostenloch-des-Ger\u00fcstes-705x705.jpg);\"  title=\"hitzeverf\u00e4rbter Fels &#8211; Brandschicht &#8211; Pfostenloch des Ger\u00fcstes\"  ><\/div><\/div><\/figure><\/a><!--end av-masonry entry--><a href=\"http:\/\/www.isbe-archaeologie.at\/wp-content\/uploads\/2015\/02\/Reste-der-Ringmauer-und-der-Innenbebauung-der-fr\u00fchen-mittealterlichen-Burganlage-1030x562.jpg\" data-srcset=\"http:\/\/www.isbe-archaeologie.at\/wp-content\/uploads\/2015\/02\/Reste-der-Ringmauer-und-der-Innenbebauung-der-fr\u00fchen-mittealterlichen-Burganlage-1030x562.jpg 1030w, http:\/\/www.isbe-archaeologie.at\/wp-content\/uploads\/2015\/02\/Reste-der-Ringmauer-und-der-Innenbebauung-der-fr\u00fchen-mittealterlichen-Burganlage-300x164.jpg 300w, http:\/\/www.isbe-archaeologie.at\/wp-content\/uploads\/2015\/02\/Reste-der-Ringmauer-und-der-Innenbebauung-der-fr\u00fchen-mittealterlichen-Burganlage-705x384.jpg 705w, http:\/\/www.isbe-archaeologie.at\/wp-content\/uploads\/2015\/02\/Reste-der-Ringmauer-und-der-Innenbebauung-der-fr\u00fchen-mittealterlichen-Burganlage-450x245.jpg 450w, http:\/\/www.isbe-archaeologie.at\/wp-content\/uploads\/2015\/02\/Reste-der-Ringmauer-und-der-Innenbebauung-der-fr\u00fchen-mittealterlichen-Burganlage.jpg 1159w\" data-sizes=\"(max-width: 1030px) 100vw, 1030px\"  aria-label=\"Bild Reste der Ringmauer und der Innenbebauung der fr\u00fchen mittealterlichen Burganlage\"  id='av-masonry-1-item-3514' data-av-masonry-item='3514' class='av-masonry-entry isotope-item post-3514 attachment type-attachment status-inherit hentry  av-masonry-item-with-image' title=\"Reste der Ringmauer und der Innenbebauung der fr\u00fchen mittealterlichen Burganlage\" alt=\"\"    itemprop=\"thumbnailUrl\" ><div class='av-inner-masonry-sizer'><\/div><figure class='av-inner-masonry main_color'><div class=\"av-masonry-outerimage-container\"><div class='av-masonry-image-container' style=\"background-image: url(http:\/\/www.isbe-archaeologie.at\/wp-content\/uploads\/2015\/02\/Reste-der-Ringmauer-und-der-Innenbebauung-der-fr\u00fchen-mittealterlichen-Burganlage-705x384.jpg);\"  title=\"Reste der Ringmauer und der Innenbebauung der fr\u00fchen mittealterlichen Burganlage\"  ><\/div><\/div><\/figure><\/a><!--end av-masonry entry--><a href=\"http:\/\/www.isbe-archaeologie.at\/wp-content\/uploads\/2015\/02\/romanisches-Fenster-mit-Resten-der-Strahlenkranzmalerei-689x1030.jpg\" data-srcset=\"http:\/\/www.isbe-archaeologie.at\/wp-content\/uploads\/2015\/02\/romanisches-Fenster-mit-Resten-der-Strahlenkranzmalerei-689x1030.jpg 689w, http:\/\/www.isbe-archaeologie.at\/wp-content\/uploads\/2015\/02\/romanisches-Fenster-mit-Resten-der-Strahlenkranzmalerei-201x300.jpg 201w, http:\/\/www.isbe-archaeologie.at\/wp-content\/uploads\/2015\/02\/romanisches-Fenster-mit-Resten-der-Strahlenkranzmalerei-472x705.jpg 472w, http:\/\/www.isbe-archaeologie.at\/wp-content\/uploads\/2015\/02\/romanisches-Fenster-mit-Resten-der-Strahlenkranzmalerei-450x672.jpg 450w, http:\/\/www.isbe-archaeologie.at\/wp-content\/uploads\/2015\/02\/romanisches-Fenster-mit-Resten-der-Strahlenkranzmalerei.jpg 864w\" data-sizes=\"(max-width: 689px) 100vw, 689px\"  aria-label=\"Bild romanisches Fenster mit Resten der Strahlenkranzmalerei\"  id='av-masonry-1-item-3515' data-av-masonry-item='3515' class='av-masonry-entry isotope-item post-3515 attachment type-attachment status-inherit hentry  av-masonry-item-with-image' title=\"romanisches Fenster mit Resten der Strahlenkranzmalerei\" alt=\"\"    itemprop=\"thumbnailUrl\" ><div class='av-inner-masonry-sizer'><\/div><figure class='av-inner-masonry main_color'><div class=\"av-masonry-outerimage-container\"><div class='av-masonry-image-container' style=\"background-image: url(http:\/\/www.isbe-archaeologie.at\/wp-content\/uploads\/2015\/02\/romanisches-Fenster-mit-Resten-der-Strahlenkranzmalerei-472x705.jpg);\"  title=\"romanisches Fenster mit Resten der Strahlenkranzmalerei\"  ><\/div><\/div><\/figure><\/a><!--end av-masonry entry--><a href=\"http:\/\/www.isbe-archaeologie.at\/wp-content\/uploads\/2015\/02\/S\u00fcdfassade-mit-Doppeltrichterfenstern-1030x690.jpg\" data-srcset=\"http:\/\/www.isbe-archaeologie.at\/wp-content\/uploads\/2015\/02\/S\u00fcdfassade-mit-Doppeltrichterfenstern-1030x690.jpg 1030w, http:\/\/www.isbe-archaeologie.at\/wp-content\/uploads\/2015\/02\/S\u00fcdfassade-mit-Doppeltrichterfenstern-300x201.jpg 300w, http:\/\/www.isbe-archaeologie.at\/wp-content\/uploads\/2015\/02\/S\u00fcdfassade-mit-Doppeltrichterfenstern-705x472.jpg 705w, http:\/\/www.isbe-archaeologie.at\/wp-content\/uploads\/2015\/02\/S\u00fcdfassade-mit-Doppeltrichterfenstern-450x301.jpg 450w, http:\/\/www.isbe-archaeologie.at\/wp-content\/uploads\/2015\/02\/S\u00fcdfassade-mit-Doppeltrichterfenstern.jpg 1181w\" data-sizes=\"(max-width: 1030px) 100vw, 1030px\"  aria-label=\"Bild S\u00fcdfassade mit Doppeltrichterfenstern\"  id='av-masonry-1-item-3516' data-av-masonry-item='3516' class='av-masonry-entry isotope-item post-3516 attachment type-attachment status-inherit hentry  av-masonry-item-with-image' title=\"S\u00fcdfassade mit Doppeltrichterfenstern\" alt=\"\"    itemprop=\"thumbnailUrl\" ><div class='av-inner-masonry-sizer'><\/div><figure class='av-inner-masonry main_color'><div class=\"av-masonry-outerimage-container\"><div class='av-masonry-image-container' style=\"background-image: url(http:\/\/www.isbe-archaeologie.at\/wp-content\/uploads\/2015\/02\/S\u00fcdfassade-mit-Doppeltrichterfenstern-705x472.jpg);\"  title=\"S\u00fcdfassade mit Doppeltrichterfenstern\"  ><\/div><\/div><\/figure><\/a><!--end av-masonry entry--><a href=\"http:\/\/www.isbe-archaeologie.at\/wp-content\/uploads\/2015\/02\/vermauerter-romanischer-Eingang-689x1030.jpg\" data-srcset=\"http:\/\/www.isbe-archaeologie.at\/wp-content\/uploads\/2015\/02\/vermauerter-romanischer-Eingang-689x1030.jpg 689w, http:\/\/www.isbe-archaeologie.at\/wp-content\/uploads\/2015\/02\/vermauerter-romanischer-Eingang-201x300.jpg 201w, http:\/\/www.isbe-archaeologie.at\/wp-content\/uploads\/2015\/02\/vermauerter-romanischer-Eingang-472x705.jpg 472w, http:\/\/www.isbe-archaeologie.at\/wp-content\/uploads\/2015\/02\/vermauerter-romanischer-Eingang-450x672.jpg 450w, http:\/\/www.isbe-archaeologie.at\/wp-content\/uploads\/2015\/02\/vermauerter-romanischer-Eingang.jpg 864w\" data-sizes=\"(max-width: 689px) 100vw, 689px\"  aria-label=\"Bild vermauerter romanischer Eingang\"  id='av-masonry-1-item-3517' data-av-masonry-item='3517' class='av-masonry-entry isotope-item post-3517 attachment type-attachment status-inherit hentry  av-masonry-item-with-image' title=\"vermauerter romanischer Eingang\" alt=\"\"    itemprop=\"thumbnailUrl\" ><div class='av-inner-masonry-sizer'><\/div><figure class='av-inner-masonry main_color'><div class=\"av-masonry-outerimage-container\"><div class='av-masonry-image-container' style=\"background-image: url(http:\/\/www.isbe-archaeologie.at\/wp-content\/uploads\/2015\/02\/vermauerter-romanischer-Eingang-472x705.jpg);\"  title=\"vermauerter romanischer Eingang\"  ><\/div><\/div><\/figure><\/a><!--end av-masonry entry--><a href=\"http:\/\/www.isbe-archaeologie.at\/wp-content\/uploads\/2015\/02\/Altarplatte-mit-Reliquien\u00f6ffnung.jpg\" data-srcset=\"http:\/\/www.isbe-archaeologie.at\/wp-content\/uploads\/2015\/02\/Altarplatte-mit-Reliquien\u00f6ffnung.jpg 606w, http:\/\/www.isbe-archaeologie.at\/wp-content\/uploads\/2015\/02\/Altarplatte-mit-Reliquien\u00f6ffnung-300x202.jpg 300w, http:\/\/www.isbe-archaeologie.at\/wp-content\/uploads\/2015\/02\/Altarplatte-mit-Reliquien\u00f6ffnung-450x303.jpg 450w\" data-sizes=\"(max-width: 606px) 100vw, 606px\"  aria-label=\"Bild Altarplatte mit Reliquien\u00f6ffnung\"  id='av-masonry-1-item-3518' data-av-masonry-item='3518' class='av-masonry-entry isotope-item post-3518 attachment type-attachment status-inherit hentry  av-masonry-item-with-image' title=\"Altarplatte mit Reliquien\u00f6ffnung\" alt=\"\"    itemprop=\"thumbnailUrl\" ><div class='av-inner-masonry-sizer'><\/div><figure class='av-inner-masonry main_color'><div class=\"av-masonry-outerimage-container\"><div class='av-masonry-image-container' style=\"background-image: url(http:\/\/www.isbe-archaeologie.at\/wp-content\/uploads\/2015\/02\/Altarplatte-mit-Reliquien\u00f6ffnung.jpg);\"  title=\"Altarplatte mit Reliquien\u00f6ffnung\"  ><\/div><\/div><\/figure><\/a><!--end av-masonry entry--><\/div><a class='av-masonry-pagination av-masonry-load-more' href='#load-more'  data-ids='3513,3514,3515,3516,3517,3518,3519,3520,3521'  data-caption_elements='none'  data-caption_styling=''  data-caption_display='always'  data-img_copyright=''  data-size='fixed'  data-orientation=''  data-image_size='masonry'  data-gap='1px'  data-columns='6'  data-av-desktop-columns=''  data-av-medium-columns=''  data-av-small-columns=''  data-av-mini-columns=''  data-items='6'  data-paginate='load_more'  data-color=''  data-custom_bg=''  data-img_copyright_font=''  data-av-desktop-font-img_copyright_font=''  data-av-medium-font-img_copyright_font=''  data-av-small-font-img_copyright_font=''  data-av-mini-font-img_copyright_font=''  data-img_copyright_color=''  data-img_copyright_bg=''  data-animation='active'  data-animation_duration=''  data-animation_custom_bg_color=''  data-animation_custom_bg_color_multi_list=''  data-animation_z_index_curtain='100'  data-overlay_fx=''  data-container_links='active'  data-link_dest=''  data-lightbox_text=''  data-img_scrset=''  data-lazy_loading='disabled'  data-av-desktop-hide=''  data-av-medium-hide=''  data-av-small-hide=''  data-av-mini-hide=''  data-alb_description=''  data-id=''  data-custom_class=''  data-template_class=''  data-av_uid=''  data-sc_version='1.0'  data-action=''  data-link='category'  data-post_type='post, page, attachment, revision, nav_menu_item, custom_css, customize_changeset, oembed_cache, user_request, wp_block, wp_template, wp_template_part, wp_global_styles, wp_navigation, wp_font_family, wp_font_face, portfolio, avia_framework_post'  data-term_rel='IN'  data-offset='0'  data-container_class='av-masonry-gallery'  data-wc_prod_visible=''  data-wc_prod_hidden=''  data-wc_prod_featured=''  data-prod_order_by=''  data-prod_order=''  data-sort='no'  data-auto_ratio='1.7'  data-set_breadcrumb='1'  data-custom_markup=''  data-query_orderby='date'  data-query_order='DESC'  data-date_filter=''  data-date_filter_start=''  data-date_filter_end=''  data-date_filter_format='yy\/mm\/dd'  data-period_filter_unit_1=''  data-period_filter_unit_2=''  data-page_element_filter=''  data-avno='69bfe00316'>Mehr laden<\/a><\/div>\n","protected":false},"excerpt":{"rendered":"","protected":false},"author":1,"featured_media":0,"parent":3409,"menu_order":3,"comment_status":"open","ping_status":"open","template":"","meta":{"footnotes":""},"_links":{"self":[{"href":"http:\/\/www.isbe-archaeologie.at\/index.php?rest_route=\/wp\/v2\/pages\/3512"}],"collection":[{"href":"http:\/\/www.isbe-archaeologie.at\/index.php?rest_route=\/wp\/v2\/pages"}],"about":[{"href":"http:\/\/www.isbe-archaeologie.at\/index.php?rest_route=\/wp\/v2\/types\/page"}],"author":[{"embeddable":true,"href":"http:\/\/www.isbe-archaeologie.at\/index.php?rest_route=\/wp\/v2\/users\/1"}],"replies":[{"embeddable":true,"href":"http:\/\/www.isbe-archaeologie.at\/index.php?rest_route=%2Fwp%2Fv2%2Fcomments&post=3512"}],"version-history":[{"count":8,"href":"http:\/\/www.isbe-archaeologie.at\/index.php?rest_route=\/wp\/v2\/pages\/3512\/revisions"}],"predecessor-version":[{"id":3939,"href":"http:\/\/www.isbe-archaeologie.at\/index.php?rest_route=\/wp\/v2\/pages\/3512\/revisions\/3939"}],"up":[{"embeddable":true,"href":"http:\/\/www.isbe-archaeologie.at\/index.php?rest_route=\/wp\/v2\/pages\/3409"}],"wp:attachment":[{"href":"http:\/\/www.isbe-archaeologie.at\/index.php?rest_route=%2Fwp%2Fv2%2Fmedia&parent=3512"}],"curies":[{"name":"wp","href":"https:\/\/api.w.org\/{rel}","templated":true}]}}