{"id":3557,"date":"2015-02-04T01:56:49","date_gmt":"2015-02-04T01:56:49","guid":{"rendered":"http:\/\/www.isbe-archaeologie.at\/?page_id=3557"},"modified":"2020-05-11T15:29:00","modified_gmt":"2020-05-11T15:29:00","slug":"ausstellungen","status":"publish","type":"page","link":"http:\/\/www.isbe-archaeologie.at\/?page_id=3557","title":{"rendered":"Ausstellungen"},"content":{"rendered":"\n<style type=\"text\/css\" data-created_by=\"avia_inline_auto\" id=\"style-css-av-av_one_half-6126cab7d8fab8d08143dd2dacdf673c\">\n.flex_column.av-av_one_half-6126cab7d8fab8d08143dd2dacdf673c{\nborder-radius:0px 0px 0px 0px;\npadding:0px 0px 0px 0px;\n}\n<\/style>\n<div  class='flex_column av-av_one_half-6126cab7d8fab8d08143dd2dacdf673c av_one_half  avia-builder-el-0  el_before_av_one_half  avia-builder-el-first  first flex_column_div av-zero-column-padding  '     ><section  class='av_textblock_section av-av_textblock-0366cc7376be6c9e82a3e9cc8987b64f '   itemscope=\"itemscope\" itemtype=\"https:\/\/schema.org\/CreativeWork\" ><div class='avia_textblock'  itemprop=\"text\" ><p><strong>Made in Austria<\/strong><\/p>\n<p>Early Iron Age Export And Import in Hallstatt, Strettweg And Grossklein (24.02. &#8211; 01.03.2020)<\/p>\n<p><strong><a href=\"http:\/\/www.amz.hr\/en\/events\/eu-archaeology-festival\/austria\/\" target=\"_blank\" rel=\"noopener\">EU Archaeology Festival<\/a><\/strong><\/p>\n<p>Arch\u00e4ologisches Museum Zagreb<\/p>\n<p>Autoren: <em>Dr. Kerstin Kowarik, Mag. Hans Reschreiter, Dr. Marko Mele, Dr. Georg Tiefengraber, Mag. Susanne Tiefengraber<\/em><\/p>\n<p><b>Museum Murtal &#8211; Arch\u00e4ologie der Region<\/b><\/p>\n<p>Die Funde aus den hallstattzeitlichen &#8222;F\u00fcrstengr\u00e4bern&#8220; von Strettweg bei Judenburg, die in den Jahren 2012 und 2013 im Zuge der vom <em>Institut f\u00fcr s\u00fcdostalpine Bronze- und Eisenzeitforschung ISBE<\/em> durchgef\u00fchrten Ausgrabungen entdeckt wurden, sind nun im <em><a href=\"https:\/\/museum-murtal.at\/\" target=\"_blank\" rel=\"noopener\">Museum Murtal &#8211; Arch\u00e4ologie der Region<\/a><\/em> ausgestellt.<\/p>\n<p>Ausstellungskuratoren: Susanne und Georg Tiefengraber &#8211; ISBE<\/p>\n<p>Ausstellungsdesign: Alexander Kada &#8211; KADADESIGN<\/p>\n<p style=\"color: #333333; font-family: Georgia,;\"><strong>Mit Bagger und Pinsel Arch\u00e4ologie in Judenburg 2005\u20132012<\/strong><\/p>\n<p style=\"color: #333333; font-family: Georgia,;\">Fotoausstellung im Sternenturm Judenburg ab Juli 2012 (Auftraggeber: <em>Museumsverein Judenburg<\/em> e. V. &#8211; <a href=\"http:\/\/www.fuerstengrab-strettweg.at\/\"><em>Arbeitskreis Falkenberg<\/em><\/a>)<\/p>\n<p style=\"color: #333333; font-family: Georgia,;\"><strong>Reiterkrieger? Priesterin? Das R\u00e4tsel des Kultwagengrabes von Strettweg bei Judenburg<\/strong><\/p>\n<p style=\"color: #333333; font-family: Georgia,;\">Ausstellung im Stadtmuseum Judenburg, Juni 2013\u2013April 2014 (Auftraggeber: <a href=\"http:\/\/www.fuerstengrab-strettweg.at\/\"><em>Arbeitskreis Falkenberg<\/em><\/a> e. V.)<\/p>\n<\/div><\/section><\/div>\n\n<style type=\"text\/css\" data-created_by=\"avia_inline_auto\" id=\"style-css-av-av_one_half-0aa7055fe62c3622faec82866afbaeb2\">\n.flex_column.av-av_one_half-0aa7055fe62c3622faec82866afbaeb2{\nborder-radius:0px 0px 0px 0px;\npadding:0px 0px 0px 0px;\n}\n<\/style>\n<div  class='flex_column av-av_one_half-0aa7055fe62c3622faec82866afbaeb2 av_one_half  avia-builder-el-2  el_after_av_one_half  el_before_av_button  flex_column_div av-zero-column-padding  '     ><p><div  class='avia-slideshow av-av_slideshow-5b42eb84df3970bbb889463536e32d6f avia-slideshow-no scaling av_slideshow avia-slide-slider  avia-builder-el-3  el_before_av_slideshow  avia-builder-el-first  av-slideshow-ui av-control-default av-slideshow-autoplay av-loop-endless av-loop-manual-endless av-default-height-applied avia-slideshow-1' data-slideshow-options=\"{&quot;animation&quot;:&quot;slide&quot;,&quot;autoplay&quot;:true,&quot;loop_autoplay&quot;:&quot;endless&quot;,&quot;interval&quot;:5,&quot;loop_manual&quot;:&quot;manual-endless&quot;,&quot;autoplay_stopper&quot;:false,&quot;noNavigation&quot;:false,&quot;bg_slider&quot;:false,&quot;keep_padding&quot;:false,&quot;hoverpause&quot;:false,&quot;show_slide_delay&quot;:0}\"  itemprop=\"image\" itemscope=\"itemscope\" itemtype=\"https:\/\/schema.org\/ImageObject\" ><ul class='avia-slideshow-inner ' style='padding-bottom: 75%;'><li  class='avia-slideshow-slide av-av_slideshow-5b42eb84df3970bbb889463536e32d6f__0  slide-1 slide-odd'><div data-rel='slideshow-1' class='avia-slide-wrap '   ><img decoding=\"async\" fetchpriority=\"high\" class=\"wp-image-4470 avia-img-lazy-loading-not-4470\"  src=\"http:\/\/www.isbe-archaeologie.at\/wp-content\/uploads\/2015\/02\/ISBE_Er\u00f6ffnung_Wuketitsch.jpg\" width=\"1728\" height=\"1296\" title='ISBE_Er\u00f6ffnung_Wuketitsch' alt=''  itemprop=\"thumbnailUrl\" srcset=\"http:\/\/www.isbe-archaeologie.at\/wp-content\/uploads\/2015\/02\/ISBE_Er\u00f6ffnung_Wuketitsch.jpg 1728w, http:\/\/www.isbe-archaeologie.at\/wp-content\/uploads\/2015\/02\/ISBE_Er\u00f6ffnung_Wuketitsch-300x225.jpg 300w, http:\/\/www.isbe-archaeologie.at\/wp-content\/uploads\/2015\/02\/ISBE_Er\u00f6ffnung_Wuketitsch-768x576.jpg 768w, http:\/\/www.isbe-archaeologie.at\/wp-content\/uploads\/2015\/02\/ISBE_Er\u00f6ffnung_Wuketitsch-1030x773.jpg 1030w, http:\/\/www.isbe-archaeologie.at\/wp-content\/uploads\/2015\/02\/ISBE_Er\u00f6ffnung_Wuketitsch-1500x1125.jpg 1500w, http:\/\/www.isbe-archaeologie.at\/wp-content\/uploads\/2015\/02\/ISBE_Er\u00f6ffnung_Wuketitsch-705x529.jpg 705w, http:\/\/www.isbe-archaeologie.at\/wp-content\/uploads\/2015\/02\/ISBE_Er\u00f6ffnung_Wuketitsch-450x338.jpg 450w\" sizes=\"(max-width: 1728px) 100vw, 1728px\" \/><\/div><\/li><li  class='avia-slideshow-slide av-av_slideshow-5b42eb84df3970bbb889463536e32d6f__1  slide-2 slide-even'><div data-rel='slideshow-1' class='avia-slide-wrap '   ><img decoding=\"async\" fetchpriority=\"high\" class=\"wp-image-4471 avia-img-lazy-loading-not-4471\"  src=\"http:\/\/www.isbe-archaeologie.at\/wp-content\/uploads\/2015\/02\/ISBE_Er\u00f6ffnung_Wuketitsch_Peitler.jpg\" width=\"1728\" height=\"1296\" title='ISBE_Er\u00f6ffnung_Wuketitsch_Peitler' alt=''  itemprop=\"thumbnailUrl\" srcset=\"http:\/\/www.isbe-archaeologie.at\/wp-content\/uploads\/2015\/02\/ISBE_Er\u00f6ffnung_Wuketitsch_Peitler.jpg 1728w, http:\/\/www.isbe-archaeologie.at\/wp-content\/uploads\/2015\/02\/ISBE_Er\u00f6ffnung_Wuketitsch_Peitler-300x225.jpg 300w, http:\/\/www.isbe-archaeologie.at\/wp-content\/uploads\/2015\/02\/ISBE_Er\u00f6ffnung_Wuketitsch_Peitler-768x576.jpg 768w, http:\/\/www.isbe-archaeologie.at\/wp-content\/uploads\/2015\/02\/ISBE_Er\u00f6ffnung_Wuketitsch_Peitler-1030x773.jpg 1030w, http:\/\/www.isbe-archaeologie.at\/wp-content\/uploads\/2015\/02\/ISBE_Er\u00f6ffnung_Wuketitsch_Peitler-1500x1125.jpg 1500w, http:\/\/www.isbe-archaeologie.at\/wp-content\/uploads\/2015\/02\/ISBE_Er\u00f6ffnung_Wuketitsch_Peitler-705x529.jpg 705w, http:\/\/www.isbe-archaeologie.at\/wp-content\/uploads\/2015\/02\/ISBE_Er\u00f6ffnung_Wuketitsch_Peitler-450x338.jpg 450w\" sizes=\"(max-width: 1728px) 100vw, 1728px\" \/><\/div><\/li><li  class='avia-slideshow-slide av-av_slideshow-5b42eb84df3970bbb889463536e32d6f__2  slide-3 slide-odd'><div data-rel='slideshow-1' class='avia-slide-wrap '   ><img decoding=\"async\" fetchpriority=\"high\" class=\"wp-image-4472 avia-img-lazy-loading-not-4472\"  src=\"http:\/\/www.isbe-archaeologie.at\/wp-content\/uploads\/2015\/02\/ISBE_Hallstatt_Virtuell_Reschreiter_Tiefengraber.jpg\" width=\"1728\" height=\"1296\" title='ISBE_Hallstatt_Virtuell_Reschreiter_Tiefengraber' alt=''  itemprop=\"thumbnailUrl\" srcset=\"http:\/\/www.isbe-archaeologie.at\/wp-content\/uploads\/2015\/02\/ISBE_Hallstatt_Virtuell_Reschreiter_Tiefengraber.jpg 1728w, http:\/\/www.isbe-archaeologie.at\/wp-content\/uploads\/2015\/02\/ISBE_Hallstatt_Virtuell_Reschreiter_Tiefengraber-300x225.jpg 300w, http:\/\/www.isbe-archaeologie.at\/wp-content\/uploads\/2015\/02\/ISBE_Hallstatt_Virtuell_Reschreiter_Tiefengraber-768x576.jpg 768w, http:\/\/www.isbe-archaeologie.at\/wp-content\/uploads\/2015\/02\/ISBE_Hallstatt_Virtuell_Reschreiter_Tiefengraber-1030x773.jpg 1030w, http:\/\/www.isbe-archaeologie.at\/wp-content\/uploads\/2015\/02\/ISBE_Hallstatt_Virtuell_Reschreiter_Tiefengraber-1500x1125.jpg 1500w, http:\/\/www.isbe-archaeologie.at\/wp-content\/uploads\/2015\/02\/ISBE_Hallstatt_Virtuell_Reschreiter_Tiefengraber-705x529.jpg 705w, http:\/\/www.isbe-archaeologie.at\/wp-content\/uploads\/2015\/02\/ISBE_Hallstatt_Virtuell_Reschreiter_Tiefengraber-450x338.jpg 450w\" sizes=\"(max-width: 1728px) 100vw, 1728px\" \/><\/div><\/li><li  class='avia-slideshow-slide av-av_slideshow-5b42eb84df3970bbb889463536e32d6f__3  slide-4 slide-even'><div data-rel='slideshow-1' class='avia-slide-wrap '   ><img decoding=\"async\" fetchpriority=\"high\" class=\"wp-image-4473 avia-img-lazy-loading-not-4473\"  src=\"http:\/\/www.isbe-archaeologie.at\/wp-content\/uploads\/2015\/02\/ISBE_Karte_Kultwagen_Maske.jpg\" width=\"1728\" height=\"1296\" title='ISBE_Karte_Kultwagen_Maske' alt=''  itemprop=\"thumbnailUrl\" srcset=\"http:\/\/www.isbe-archaeologie.at\/wp-content\/uploads\/2015\/02\/ISBE_Karte_Kultwagen_Maske.jpg 1728w, http:\/\/www.isbe-archaeologie.at\/wp-content\/uploads\/2015\/02\/ISBE_Karte_Kultwagen_Maske-300x225.jpg 300w, http:\/\/www.isbe-archaeologie.at\/wp-content\/uploads\/2015\/02\/ISBE_Karte_Kultwagen_Maske-768x576.jpg 768w, http:\/\/www.isbe-archaeologie.at\/wp-content\/uploads\/2015\/02\/ISBE_Karte_Kultwagen_Maske-1030x773.jpg 1030w, http:\/\/www.isbe-archaeologie.at\/wp-content\/uploads\/2015\/02\/ISBE_Karte_Kultwagen_Maske-1500x1125.jpg 1500w, http:\/\/www.isbe-archaeologie.at\/wp-content\/uploads\/2015\/02\/ISBE_Karte_Kultwagen_Maske-705x529.jpg 705w, http:\/\/www.isbe-archaeologie.at\/wp-content\/uploads\/2015\/02\/ISBE_Karte_Kultwagen_Maske-450x338.jpg 450w\" sizes=\"(max-width: 1728px) 100vw, 1728px\" \/><\/div><\/li><li  class='avia-slideshow-slide av-av_slideshow-5b42eb84df3970bbb889463536e32d6f__4  slide-5 slide-odd'><div data-rel='slideshow-1' class='avia-slide-wrap '   ><img decoding=\"async\" fetchpriority=\"high\" class=\"wp-image-4474 avia-img-lazy-loading-not-4474\"  src=\"http:\/\/www.isbe-archaeologie.at\/wp-content\/uploads\/2015\/02\/ISBE_Strettweg_Poster.jpg\" width=\"1449\" height=\"751\" title='ISBE_Strettweg_Poster' alt=''  itemprop=\"thumbnailUrl\" srcset=\"http:\/\/www.isbe-archaeologie.at\/wp-content\/uploads\/2015\/02\/ISBE_Strettweg_Poster.jpg 1449w, http:\/\/www.isbe-archaeologie.at\/wp-content\/uploads\/2015\/02\/ISBE_Strettweg_Poster-300x155.jpg 300w, http:\/\/www.isbe-archaeologie.at\/wp-content\/uploads\/2015\/02\/ISBE_Strettweg_Poster-768x398.jpg 768w, http:\/\/www.isbe-archaeologie.at\/wp-content\/uploads\/2015\/02\/ISBE_Strettweg_Poster-1030x534.jpg 1030w, http:\/\/www.isbe-archaeologie.at\/wp-content\/uploads\/2015\/02\/ISBE_Strettweg_Poster-705x365.jpg 705w, http:\/\/www.isbe-archaeologie.at\/wp-content\/uploads\/2015\/02\/ISBE_Strettweg_Poster-450x233.jpg 450w\" sizes=\"(max-width: 1449px) 100vw, 1449px\" \/><\/div><\/li><li  class='avia-slideshow-slide av-av_slideshow-5b42eb84df3970bbb889463536e32d6f__5  slide-6 slide-even'><div data-rel='slideshow-1' class='avia-slide-wrap '   ><img decoding=\"async\" fetchpriority=\"high\" class=\"wp-image-4475 avia-img-lazy-loading-not-4475\"  src=\"http:\/\/www.isbe-archaeologie.at\/wp-content\/uploads\/2015\/02\/UMJ_Palinkas_Balen_Reschreiter_Tiefengraber.jpg\" width=\"1836\" height=\"1392\" title='UMJ_Palinkas_Balen_Reschreiter_Tiefengraber' alt=''  itemprop=\"thumbnailUrl\" srcset=\"http:\/\/www.isbe-archaeologie.at\/wp-content\/uploads\/2015\/02\/UMJ_Palinkas_Balen_Reschreiter_Tiefengraber.jpg 1836w, http:\/\/www.isbe-archaeologie.at\/wp-content\/uploads\/2015\/02\/UMJ_Palinkas_Balen_Reschreiter_Tiefengraber-300x227.jpg 300w, http:\/\/www.isbe-archaeologie.at\/wp-content\/uploads\/2015\/02\/UMJ_Palinkas_Balen_Reschreiter_Tiefengraber-768x582.jpg 768w, http:\/\/www.isbe-archaeologie.at\/wp-content\/uploads\/2015\/02\/UMJ_Palinkas_Balen_Reschreiter_Tiefengraber-1030x781.jpg 1030w, http:\/\/www.isbe-archaeologie.at\/wp-content\/uploads\/2015\/02\/UMJ_Palinkas_Balen_Reschreiter_Tiefengraber-1500x1137.jpg 1500w, http:\/\/www.isbe-archaeologie.at\/wp-content\/uploads\/2015\/02\/UMJ_Palinkas_Balen_Reschreiter_Tiefengraber-705x535.jpg 705w, http:\/\/www.isbe-archaeologie.at\/wp-content\/uploads\/2015\/02\/UMJ_Palinkas_Balen_Reschreiter_Tiefengraber-450x341.jpg 450w\" sizes=\"(max-width: 1836px) 100vw, 1836px\" \/><\/div><\/li><\/ul><div class='avia-slideshow-arrows avia-slideshow-controls' ><a href='#prev' class='prev-slide ' aria-hidden='true' data-av_icon='\ue87c' data-av_iconfont='entypo-fontello'  tabindex='-1'>Zur\u00fcck<\/a><a href='#next' class='next-slide ' aria-hidden='true' data-av_icon='\ue87d' data-av_iconfont='entypo-fontello'  tabindex='-1'>Weiter<\/a><\/div><div class='avia-slideshow-dots avia-slideshow-controls'><a href='#1' class='goto-slide active' >1<\/a><a href='#2' class='goto-slide ' >2<\/a><a href='#3' class='goto-slide ' >3<\/a><a href='#4' class='goto-slide ' >4<\/a><a href='#5' class='goto-slide ' >5<\/a><a href='#6' class='goto-slide ' >6<\/a><\/div><\/div><br \/>\n<div  class='avia-slideshow av-av_slideshow-5b42eb84df3970bbb889463536e32d6f avia-slideshow-no scaling av_slideshow avia-slide-slider  avia-builder-el-4  el_after_av_slideshow  avia-builder-el-last  av-slideshow-ui av-control-default av-slideshow-autoplay av-loop-endless av-loop-manual-endless av-default-height-applied avia-slideshow-2' data-slideshow-options=\"{&quot;animation&quot;:&quot;slide&quot;,&quot;autoplay&quot;:true,&quot;loop_autoplay&quot;:&quot;endless&quot;,&quot;interval&quot;:5,&quot;loop_manual&quot;:&quot;manual-endless&quot;,&quot;autoplay_stopper&quot;:false,&quot;noNavigation&quot;:false,&quot;bg_slider&quot;:false,&quot;keep_padding&quot;:false,&quot;hoverpause&quot;:false,&quot;show_slide_delay&quot;:0}\"  itemprop=\"image\" itemscope=\"itemscope\" itemtype=\"https:\/\/schema.org\/ImageObject\" ><ul class='avia-slideshow-inner ' style='padding-bottom: 75%;'><li  class='avia-slideshow-slide av-av_slideshow-5b42eb84df3970bbb889463536e32d6f__0  slide-1 slide-odd'><div data-rel='slideshow-2' class='avia-slide-wrap '   ><img decoding=\"async\" fetchpriority=\"high\" class=\"wp-image-4470 avia-img-lazy-loading-not-4470\"  src=\"http:\/\/www.isbe-archaeologie.at\/wp-content\/uploads\/2015\/02\/ISBE_Er\u00f6ffnung_Wuketitsch.jpg\" width=\"1728\" height=\"1296\" title='ISBE_Er\u00f6ffnung_Wuketitsch' alt=''  itemprop=\"thumbnailUrl\" srcset=\"http:\/\/www.isbe-archaeologie.at\/wp-content\/uploads\/2015\/02\/ISBE_Er\u00f6ffnung_Wuketitsch.jpg 1728w, http:\/\/www.isbe-archaeologie.at\/wp-content\/uploads\/2015\/02\/ISBE_Er\u00f6ffnung_Wuketitsch-300x225.jpg 300w, http:\/\/www.isbe-archaeologie.at\/wp-content\/uploads\/2015\/02\/ISBE_Er\u00f6ffnung_Wuketitsch-768x576.jpg 768w, http:\/\/www.isbe-archaeologie.at\/wp-content\/uploads\/2015\/02\/ISBE_Er\u00f6ffnung_Wuketitsch-1030x773.jpg 1030w, http:\/\/www.isbe-archaeologie.at\/wp-content\/uploads\/2015\/02\/ISBE_Er\u00f6ffnung_Wuketitsch-1500x1125.jpg 1500w, http:\/\/www.isbe-archaeologie.at\/wp-content\/uploads\/2015\/02\/ISBE_Er\u00f6ffnung_Wuketitsch-705x529.jpg 705w, http:\/\/www.isbe-archaeologie.at\/wp-content\/uploads\/2015\/02\/ISBE_Er\u00f6ffnung_Wuketitsch-450x338.jpg 450w\" sizes=\"(max-width: 1728px) 100vw, 1728px\" \/><\/div><\/li><li  class='avia-slideshow-slide av-av_slideshow-5b42eb84df3970bbb889463536e32d6f__1  slide-2 slide-even'><div data-rel='slideshow-2' class='avia-slide-wrap '   ><img decoding=\"async\" fetchpriority=\"high\" class=\"wp-image-4471 avia-img-lazy-loading-not-4471\"  src=\"http:\/\/www.isbe-archaeologie.at\/wp-content\/uploads\/2015\/02\/ISBE_Er\u00f6ffnung_Wuketitsch_Peitler.jpg\" width=\"1728\" height=\"1296\" title='ISBE_Er\u00f6ffnung_Wuketitsch_Peitler' alt=''  itemprop=\"thumbnailUrl\" srcset=\"http:\/\/www.isbe-archaeologie.at\/wp-content\/uploads\/2015\/02\/ISBE_Er\u00f6ffnung_Wuketitsch_Peitler.jpg 1728w, http:\/\/www.isbe-archaeologie.at\/wp-content\/uploads\/2015\/02\/ISBE_Er\u00f6ffnung_Wuketitsch_Peitler-300x225.jpg 300w, http:\/\/www.isbe-archaeologie.at\/wp-content\/uploads\/2015\/02\/ISBE_Er\u00f6ffnung_Wuketitsch_Peitler-768x576.jpg 768w, http:\/\/www.isbe-archaeologie.at\/wp-content\/uploads\/2015\/02\/ISBE_Er\u00f6ffnung_Wuketitsch_Peitler-1030x773.jpg 1030w, http:\/\/www.isbe-archaeologie.at\/wp-content\/uploads\/2015\/02\/ISBE_Er\u00f6ffnung_Wuketitsch_Peitler-1500x1125.jpg 1500w, http:\/\/www.isbe-archaeologie.at\/wp-content\/uploads\/2015\/02\/ISBE_Er\u00f6ffnung_Wuketitsch_Peitler-705x529.jpg 705w, http:\/\/www.isbe-archaeologie.at\/wp-content\/uploads\/2015\/02\/ISBE_Er\u00f6ffnung_Wuketitsch_Peitler-450x338.jpg 450w\" sizes=\"(max-width: 1728px) 100vw, 1728px\" \/><\/div><\/li><li  class='avia-slideshow-slide av-av_slideshow-5b42eb84df3970bbb889463536e32d6f__2  slide-3 slide-odd'><div data-rel='slideshow-2' class='avia-slide-wrap '   ><img decoding=\"async\" fetchpriority=\"high\" class=\"wp-image-4472 avia-img-lazy-loading-not-4472\"  src=\"http:\/\/www.isbe-archaeologie.at\/wp-content\/uploads\/2015\/02\/ISBE_Hallstatt_Virtuell_Reschreiter_Tiefengraber.jpg\" width=\"1728\" height=\"1296\" title='ISBE_Hallstatt_Virtuell_Reschreiter_Tiefengraber' alt=''  itemprop=\"thumbnailUrl\" srcset=\"http:\/\/www.isbe-archaeologie.at\/wp-content\/uploads\/2015\/02\/ISBE_Hallstatt_Virtuell_Reschreiter_Tiefengraber.jpg 1728w, http:\/\/www.isbe-archaeologie.at\/wp-content\/uploads\/2015\/02\/ISBE_Hallstatt_Virtuell_Reschreiter_Tiefengraber-300x225.jpg 300w, http:\/\/www.isbe-archaeologie.at\/wp-content\/uploads\/2015\/02\/ISBE_Hallstatt_Virtuell_Reschreiter_Tiefengraber-768x576.jpg 768w, http:\/\/www.isbe-archaeologie.at\/wp-content\/uploads\/2015\/02\/ISBE_Hallstatt_Virtuell_Reschreiter_Tiefengraber-1030x773.jpg 1030w, http:\/\/www.isbe-archaeologie.at\/wp-content\/uploads\/2015\/02\/ISBE_Hallstatt_Virtuell_Reschreiter_Tiefengraber-1500x1125.jpg 1500w, http:\/\/www.isbe-archaeologie.at\/wp-content\/uploads\/2015\/02\/ISBE_Hallstatt_Virtuell_Reschreiter_Tiefengraber-705x529.jpg 705w, http:\/\/www.isbe-archaeologie.at\/wp-content\/uploads\/2015\/02\/ISBE_Hallstatt_Virtuell_Reschreiter_Tiefengraber-450x338.jpg 450w\" sizes=\"(max-width: 1728px) 100vw, 1728px\" \/><\/div><\/li><li  class='avia-slideshow-slide av-av_slideshow-5b42eb84df3970bbb889463536e32d6f__3  slide-4 slide-even'><div data-rel='slideshow-2' class='avia-slide-wrap '   ><img decoding=\"async\" fetchpriority=\"high\" class=\"wp-image-4473 avia-img-lazy-loading-not-4473\"  src=\"http:\/\/www.isbe-archaeologie.at\/wp-content\/uploads\/2015\/02\/ISBE_Karte_Kultwagen_Maske.jpg\" width=\"1728\" height=\"1296\" title='ISBE_Karte_Kultwagen_Maske' alt=''  itemprop=\"thumbnailUrl\" srcset=\"http:\/\/www.isbe-archaeologie.at\/wp-content\/uploads\/2015\/02\/ISBE_Karte_Kultwagen_Maske.jpg 1728w, http:\/\/www.isbe-archaeologie.at\/wp-content\/uploads\/2015\/02\/ISBE_Karte_Kultwagen_Maske-300x225.jpg 300w, http:\/\/www.isbe-archaeologie.at\/wp-content\/uploads\/2015\/02\/ISBE_Karte_Kultwagen_Maske-768x576.jpg 768w, http:\/\/www.isbe-archaeologie.at\/wp-content\/uploads\/2015\/02\/ISBE_Karte_Kultwagen_Maske-1030x773.jpg 1030w, http:\/\/www.isbe-archaeologie.at\/wp-content\/uploads\/2015\/02\/ISBE_Karte_Kultwagen_Maske-1500x1125.jpg 1500w, http:\/\/www.isbe-archaeologie.at\/wp-content\/uploads\/2015\/02\/ISBE_Karte_Kultwagen_Maske-705x529.jpg 705w, http:\/\/www.isbe-archaeologie.at\/wp-content\/uploads\/2015\/02\/ISBE_Karte_Kultwagen_Maske-450x338.jpg 450w\" sizes=\"(max-width: 1728px) 100vw, 1728px\" \/><\/div><\/li><li  class='avia-slideshow-slide av-av_slideshow-5b42eb84df3970bbb889463536e32d6f__4  slide-5 slide-odd'><div data-rel='slideshow-2' class='avia-slide-wrap '   ><img decoding=\"async\" fetchpriority=\"high\" class=\"wp-image-4474 avia-img-lazy-loading-not-4474\"  src=\"http:\/\/www.isbe-archaeologie.at\/wp-content\/uploads\/2015\/02\/ISBE_Strettweg_Poster.jpg\" width=\"1449\" height=\"751\" title='ISBE_Strettweg_Poster' alt=''  itemprop=\"thumbnailUrl\" srcset=\"http:\/\/www.isbe-archaeologie.at\/wp-content\/uploads\/2015\/02\/ISBE_Strettweg_Poster.jpg 1449w, http:\/\/www.isbe-archaeologie.at\/wp-content\/uploads\/2015\/02\/ISBE_Strettweg_Poster-300x155.jpg 300w, http:\/\/www.isbe-archaeologie.at\/wp-content\/uploads\/2015\/02\/ISBE_Strettweg_Poster-768x398.jpg 768w, http:\/\/www.isbe-archaeologie.at\/wp-content\/uploads\/2015\/02\/ISBE_Strettweg_Poster-1030x534.jpg 1030w, http:\/\/www.isbe-archaeologie.at\/wp-content\/uploads\/2015\/02\/ISBE_Strettweg_Poster-705x365.jpg 705w, http:\/\/www.isbe-archaeologie.at\/wp-content\/uploads\/2015\/02\/ISBE_Strettweg_Poster-450x233.jpg 450w\" sizes=\"(max-width: 1449px) 100vw, 1449px\" \/><\/div><\/li><li  class='avia-slideshow-slide av-av_slideshow-5b42eb84df3970bbb889463536e32d6f__5  slide-6 slide-even'><div data-rel='slideshow-2' class='avia-slide-wrap '   ><img decoding=\"async\" fetchpriority=\"high\" class=\"wp-image-4475 avia-img-lazy-loading-not-4475\"  src=\"http:\/\/www.isbe-archaeologie.at\/wp-content\/uploads\/2015\/02\/UMJ_Palinkas_Balen_Reschreiter_Tiefengraber.jpg\" width=\"1836\" height=\"1392\" title='UMJ_Palinkas_Balen_Reschreiter_Tiefengraber' alt=''  itemprop=\"thumbnailUrl\" srcset=\"http:\/\/www.isbe-archaeologie.at\/wp-content\/uploads\/2015\/02\/UMJ_Palinkas_Balen_Reschreiter_Tiefengraber.jpg 1836w, http:\/\/www.isbe-archaeologie.at\/wp-content\/uploads\/2015\/02\/UMJ_Palinkas_Balen_Reschreiter_Tiefengraber-300x227.jpg 300w, http:\/\/www.isbe-archaeologie.at\/wp-content\/uploads\/2015\/02\/UMJ_Palinkas_Balen_Reschreiter_Tiefengraber-768x582.jpg 768w, http:\/\/www.isbe-archaeologie.at\/wp-content\/uploads\/2015\/02\/UMJ_Palinkas_Balen_Reschreiter_Tiefengraber-1030x781.jpg 1030w, http:\/\/www.isbe-archaeologie.at\/wp-content\/uploads\/2015\/02\/UMJ_Palinkas_Balen_Reschreiter_Tiefengraber-1500x1137.jpg 1500w, http:\/\/www.isbe-archaeologie.at\/wp-content\/uploads\/2015\/02\/UMJ_Palinkas_Balen_Reschreiter_Tiefengraber-705x535.jpg 705w, http:\/\/www.isbe-archaeologie.at\/wp-content\/uploads\/2015\/02\/UMJ_Palinkas_Balen_Reschreiter_Tiefengraber-450x341.jpg 450w\" sizes=\"(max-width: 1836px) 100vw, 1836px\" \/><\/div><\/li><\/ul><div class='avia-slideshow-arrows avia-slideshow-controls' ><a href='#prev' class='prev-slide ' aria-hidden='true' data-av_icon='\ue87c' data-av_iconfont='entypo-fontello'  tabindex='-1'>Zur\u00fcck<\/a><a href='#next' class='next-slide ' aria-hidden='true' data-av_icon='\ue87d' data-av_iconfont='entypo-fontello'  tabindex='-1'>Weiter<\/a><\/div><div class='avia-slideshow-dots avia-slideshow-controls'><a href='#1' class='goto-slide active' >1<\/a><a href='#2' class='goto-slide ' >2<\/a><a href='#3' class='goto-slide ' >3<\/a><a href='#4' class='goto-slide ' >4<\/a><a href='#5' class='goto-slide ' >5<\/a><a href='#6' class='goto-slide ' >6<\/a><\/div><\/div><\/p><\/div><div  class='avia-button-wrap av-av_button-453e1482af841cfa803b1c1eb934ee1b-wrap avia-button-right  avia-builder-el-5  el_after_av_one_half  el_before_av_masonry_gallery  avia-builder-el-last '><a href='http:\/\/www.isbe-archaeologie.at\/?page_id=3523'  class='avia-button av-av_button-453e1482af841cfa803b1c1eb934ee1b av-link-btn avia-icon_select-no avia-size-small avia-position-right avia-color-theme-color-subtle'  ><span class='avia_iconbox_title' >zur\u00fcck<\/span><\/a><\/div><\/p>\n<div id='av-masonry-1' class='av-masonry av-av_masonry_gallery-828052898b00970cfe0219fd5f0b750e noHover av-fixed-size av-1px-gap av-hover-overlay- av-masonry-animation-active av-masonry-col-6 av-caption-always av-caption-style- av-masonry-gallery ' data-post_id=\"3557\"><div class=\"av-masonry-container isotope av-js-disabled\"><div class='av-masonry-entry isotope-item av-masonry-item-no-image '><\/div><a href=\"http:\/\/www.isbe-archaeologie.at\/wp-content\/uploads\/2015\/02\/Ausstellung-Reiterkrieger-Priesterin-1030x689.jpg\" data-srcset=\"http:\/\/www.isbe-archaeologie.at\/wp-content\/uploads\/2015\/02\/Ausstellung-Reiterkrieger-Priesterin-1030x689.jpg 1030w, http:\/\/www.isbe-archaeologie.at\/wp-content\/uploads\/2015\/02\/Ausstellung-Reiterkrieger-Priesterin-300x201.jpg 300w, http:\/\/www.isbe-archaeologie.at\/wp-content\/uploads\/2015\/02\/Ausstellung-Reiterkrieger-Priesterin-705x472.jpg 705w, http:\/\/www.isbe-archaeologie.at\/wp-content\/uploads\/2015\/02\/Ausstellung-Reiterkrieger-Priesterin-450x301.jpg 450w, http:\/\/www.isbe-archaeologie.at\/wp-content\/uploads\/2015\/02\/Ausstellung-Reiterkrieger-Priesterin.jpg 1181w\" data-sizes=\"(max-width: 1030px) 100vw, 1030px\"  aria-label=\"Bild Ausstellung Reiterkrieger Priesterin\"  id='av-masonry-1-item-3558' data-av-masonry-item='3558' class='av-masonry-entry isotope-item post-3558 attachment type-attachment status-inherit hentry  av-masonry-item-with-image' title=\"Ausstellung Reiterkrieger Priesterin\" alt=\"\"    itemprop=\"thumbnailUrl\" ><div class='av-inner-masonry-sizer'><\/div><figure class='av-inner-masonry main_color'><div class=\"av-masonry-outerimage-container\"><div class='av-masonry-image-container' style=\"background-image: url(http:\/\/www.isbe-archaeologie.at\/wp-content\/uploads\/2015\/02\/Ausstellung-Reiterkrieger-Priesterin-705x472.jpg);\"  title=\"Ausstellung Reiterkrieger Priesterin\"  ><\/div><\/div><\/figure><\/a><!--end av-masonry entry--><a href=\"http:\/\/www.isbe-archaeologie.at\/wp-content\/uploads\/2015\/02\/Ausstellung-Reiterkrieger-Priesterin2-1030x690.jpg\" data-srcset=\"http:\/\/www.isbe-archaeologie.at\/wp-content\/uploads\/2015\/02\/Ausstellung-Reiterkrieger-Priesterin2-1030x690.jpg 1030w, http:\/\/www.isbe-archaeologie.at\/wp-content\/uploads\/2015\/02\/Ausstellung-Reiterkrieger-Priesterin2-300x201.jpg 300w, http:\/\/www.isbe-archaeologie.at\/wp-content\/uploads\/2015\/02\/Ausstellung-Reiterkrieger-Priesterin2-705x472.jpg 705w, http:\/\/www.isbe-archaeologie.at\/wp-content\/uploads\/2015\/02\/Ausstellung-Reiterkrieger-Priesterin2-450x301.jpg 450w, http:\/\/www.isbe-archaeologie.at\/wp-content\/uploads\/2015\/02\/Ausstellung-Reiterkrieger-Priesterin2.jpg 1181w\" data-sizes=\"(max-width: 1030px) 100vw, 1030px\"  aria-label=\"Bild Ausstellung Reiterkrieger Priesterin2\"  id='av-masonry-1-item-3777' data-av-masonry-item='3777' class='av-masonry-entry isotope-item post-3777 attachment type-attachment status-inherit hentry  av-masonry-item-with-image' title=\"Ausstellung Reiterkrieger Priesterin2\" alt=\"\"    itemprop=\"thumbnailUrl\" ><div class='av-inner-masonry-sizer'><\/div><figure class='av-inner-masonry main_color'><div class=\"av-masonry-outerimage-container\"><div class='av-masonry-image-container' style=\"background-image: url(http:\/\/www.isbe-archaeologie.at\/wp-content\/uploads\/2015\/02\/Ausstellung-Reiterkrieger-Priesterin2-705x472.jpg);\"  title=\"Ausstellung Reiterkrieger Priesterin2\"  ><\/div><\/div><\/figure><\/a><!--end av-masonry entry--><a href=\"http:\/\/www.isbe-archaeologie.at\/wp-content\/uploads\/2015\/02\/Ausstellung-Reiterkrieger-Priesterin3-1030x690.jpg\" data-srcset=\"http:\/\/www.isbe-archaeologie.at\/wp-content\/uploads\/2015\/02\/Ausstellung-Reiterkrieger-Priesterin3-1030x690.jpg 1030w, http:\/\/www.isbe-archaeologie.at\/wp-content\/uploads\/2015\/02\/Ausstellung-Reiterkrieger-Priesterin3-300x201.jpg 300w, http:\/\/www.isbe-archaeologie.at\/wp-content\/uploads\/2015\/02\/Ausstellung-Reiterkrieger-Priesterin3-705x472.jpg 705w, http:\/\/www.isbe-archaeologie.at\/wp-content\/uploads\/2015\/02\/Ausstellung-Reiterkrieger-Priesterin3-450x301.jpg 450w, http:\/\/www.isbe-archaeologie.at\/wp-content\/uploads\/2015\/02\/Ausstellung-Reiterkrieger-Priesterin3.jpg 1181w\" data-sizes=\"(max-width: 1030px) 100vw, 1030px\"  aria-label=\"Bild Ausstellung Reiterkrieger Priesterin3\"  id='av-masonry-1-item-3778' data-av-masonry-item='3778' class='av-masonry-entry isotope-item post-3778 attachment type-attachment status-inherit hentry  av-masonry-item-with-image' title=\"Ausstellung Reiterkrieger Priesterin3\" alt=\"\"    itemprop=\"thumbnailUrl\" ><div class='av-inner-masonry-sizer'><\/div><figure class='av-inner-masonry main_color'><div class=\"av-masonry-outerimage-container\"><div class='av-masonry-image-container' style=\"background-image: url(http:\/\/www.isbe-archaeologie.at\/wp-content\/uploads\/2015\/02\/Ausstellung-Reiterkrieger-Priesterin3-705x472.jpg);\"  title=\"Ausstellung Reiterkrieger Priesterin3\"  ><\/div><\/div><\/figure><\/a><!--end av-masonry entry--><a href=\"http:\/\/www.isbe-archaeologie.at\/wp-content\/uploads\/2015\/02\/Ausstellung-Reiterkrieger-Priesterin4-1030x690.jpg\" data-srcset=\"http:\/\/www.isbe-archaeologie.at\/wp-content\/uploads\/2015\/02\/Ausstellung-Reiterkrieger-Priesterin4-1030x690.jpg 1030w, http:\/\/www.isbe-archaeologie.at\/wp-content\/uploads\/2015\/02\/Ausstellung-Reiterkrieger-Priesterin4-300x201.jpg 300w, http:\/\/www.isbe-archaeologie.at\/wp-content\/uploads\/2015\/02\/Ausstellung-Reiterkrieger-Priesterin4-705x472.jpg 705w, http:\/\/www.isbe-archaeologie.at\/wp-content\/uploads\/2015\/02\/Ausstellung-Reiterkrieger-Priesterin4-450x301.jpg 450w, http:\/\/www.isbe-archaeologie.at\/wp-content\/uploads\/2015\/02\/Ausstellung-Reiterkrieger-Priesterin4.jpg 1181w\" data-sizes=\"(max-width: 1030px) 100vw, 1030px\"  aria-label=\"Bild Ausstellung Reiterkrieger Priesterin4\"  id='av-masonry-1-item-3779' data-av-masonry-item='3779' class='av-masonry-entry isotope-item post-3779 attachment type-attachment status-inherit hentry  av-masonry-item-with-image' title=\"Ausstellung Reiterkrieger Priesterin4\" alt=\"\"    itemprop=\"thumbnailUrl\" ><div class='av-inner-masonry-sizer'><\/div><figure class='av-inner-masonry main_color'><div class=\"av-masonry-outerimage-container\"><div class='av-masonry-image-container' style=\"background-image: url(http:\/\/www.isbe-archaeologie.at\/wp-content\/uploads\/2015\/02\/Ausstellung-Reiterkrieger-Priesterin4-705x472.jpg);\"  title=\"Ausstellung Reiterkrieger Priesterin4\"  ><\/div><\/div><\/figure><\/a><!--end av-masonry entry--><a href=\"http:\/\/www.isbe-archaeologie.at\/wp-content\/uploads\/2015\/02\/Ausstellung-Reiterkrieger-Priesterin5.jpg\" data-srcset=\"http:\/\/www.isbe-archaeologie.at\/wp-content\/uploads\/2015\/02\/Ausstellung-Reiterkrieger-Priesterin5.jpg 678w, http:\/\/www.isbe-archaeologie.at\/wp-content\/uploads\/2015\/02\/Ausstellung-Reiterkrieger-Priesterin5-300x242.jpg 300w, http:\/\/www.isbe-archaeologie.at\/wp-content\/uploads\/2015\/02\/Ausstellung-Reiterkrieger-Priesterin5-495x400.jpg 495w, http:\/\/www.isbe-archaeologie.at\/wp-content\/uploads\/2015\/02\/Ausstellung-Reiterkrieger-Priesterin5-450x362.jpg 450w\" data-sizes=\"(max-width: 678px) 100vw, 678px\"  aria-label=\"Bild Ausstellung Reiterkrieger Priesterin5\"  id='av-masonry-1-item-3780' data-av-masonry-item='3780' class='av-masonry-entry isotope-item post-3780 attachment type-attachment status-inherit hentry  av-masonry-item-with-image' title=\"Ausstellung Reiterkrieger Priesterin5\" alt=\"\"    itemprop=\"thumbnailUrl\" ><div class='av-inner-masonry-sizer'><\/div><figure class='av-inner-masonry main_color'><div class=\"av-masonry-outerimage-container\"><div class='av-masonry-image-container' style=\"background-image: url(http:\/\/www.isbe-archaeologie.at\/wp-content\/uploads\/2015\/02\/Ausstellung-Reiterkrieger-Priesterin5.jpg);\"  title=\"Ausstellung Reiterkrieger Priesterin5\"  ><\/div><\/div><\/figure><\/a><!--end av-masonry entry--><a href=\"http:\/\/www.isbe-archaeologie.at\/wp-content\/uploads\/2015\/02\/Ausstellung-Reiterkrieger-Priesterin6-1030x690.jpg\" data-srcset=\"http:\/\/www.isbe-archaeologie.at\/wp-content\/uploads\/2015\/02\/Ausstellung-Reiterkrieger-Priesterin6-1030x690.jpg 1030w, http:\/\/www.isbe-archaeologie.at\/wp-content\/uploads\/2015\/02\/Ausstellung-Reiterkrieger-Priesterin6-300x201.jpg 300w, http:\/\/www.isbe-archaeologie.at\/wp-content\/uploads\/2015\/02\/Ausstellung-Reiterkrieger-Priesterin6-705x472.jpg 705w, http:\/\/www.isbe-archaeologie.at\/wp-content\/uploads\/2015\/02\/Ausstellung-Reiterkrieger-Priesterin6-450x301.jpg 450w, http:\/\/www.isbe-archaeologie.at\/wp-content\/uploads\/2015\/02\/Ausstellung-Reiterkrieger-Priesterin6.jpg 1181w\" data-sizes=\"(max-width: 1030px) 100vw, 1030px\"  aria-label=\"Bild Ausstellung Reiterkrieger Priesterin6\"  id='av-masonry-1-item-3781' data-av-masonry-item='3781' class='av-masonry-entry isotope-item post-3781 attachment type-attachment status-inherit hentry  av-masonry-item-with-image' title=\"Ausstellung Reiterkrieger Priesterin6\" alt=\"\"    itemprop=\"thumbnailUrl\" ><div class='av-inner-masonry-sizer'><\/div><figure class='av-inner-masonry main_color'><div class=\"av-masonry-outerimage-container\"><div class='av-masonry-image-container' style=\"background-image: url(http:\/\/www.isbe-archaeologie.at\/wp-content\/uploads\/2015\/02\/Ausstellung-Reiterkrieger-Priesterin6-705x472.jpg);\"  title=\"Ausstellung Reiterkrieger Priesterin6\"  ><\/div><\/div><\/figure><\/a><!--end av-masonry entry--><\/div><\/div>\n","protected":false},"excerpt":{"rendered":"","protected":false},"author":1,"featured_media":0,"parent":3523,"menu_order":3,"comment_status":"open","ping_status":"open","template":"","meta":{"footnotes":""},"_links":{"self":[{"href":"http:\/\/www.isbe-archaeologie.at\/index.php?rest_route=\/wp\/v2\/pages\/3557"}],"collection":[{"href":"http:\/\/www.isbe-archaeologie.at\/index.php?rest_route=\/wp\/v2\/pages"}],"about":[{"href":"http:\/\/www.isbe-archaeologie.at\/index.php?rest_route=\/wp\/v2\/types\/page"}],"author":[{"embeddable":true,"href":"http:\/\/www.isbe-archaeologie.at\/index.php?rest_route=\/wp\/v2\/users\/1"}],"replies":[{"embeddable":true,"href":"http:\/\/www.isbe-archaeologie.at\/index.php?rest_route=%2Fwp%2Fv2%2Fcomments&post=3557"}],"version-history":[{"count":13,"href":"http:\/\/www.isbe-archaeologie.at\/index.php?rest_route=\/wp\/v2\/pages\/3557\/revisions"}],"predecessor-version":[{"id":4484,"href":"http:\/\/www.isbe-archaeologie.at\/index.php?rest_route=\/wp\/v2\/pages\/3557\/revisions\/4484"}],"up":[{"embeddable":true,"href":"http:\/\/www.isbe-archaeologie.at\/index.php?rest_route=\/wp\/v2\/pages\/3523"}],"wp:attachment":[{"href":"http:\/\/www.isbe-archaeologie.at\/index.php?rest_route=%2Fwp%2Fv2%2Fmedia&parent=3557"}],"curies":[{"name":"wp","href":"https:\/\/api.w.org\/{rel}","templated":true}]}}