{"id":3571,"date":"2015-02-04T01:58:26","date_gmt":"2015-02-04T01:58:26","guid":{"rendered":"http:\/\/www.isbe-archaeologie.at\/?page_id=3571"},"modified":"2021-10-07T12:35:25","modified_gmt":"2021-10-07T12:35:25","slug":"publikationen","status":"publish","type":"page","link":"http:\/\/www.isbe-archaeologie.at\/?page_id=3571","title":{"rendered":"Publikationen"},"content":{"rendered":"\n<style type=\"text\/css\" data-created_by=\"avia_inline_auto\" id=\"style-css-av-av_one_fifth-6126cab7d8fab8d08143dd2dacdf673c\">\n.flex_column.av-av_one_fifth-6126cab7d8fab8d08143dd2dacdf673c{\nborder-radius:0px 0px 0px 0px;\npadding:0px 0px 0px 0px;\n}\n<\/style>\n<div  class='flex_column av-av_one_fifth-6126cab7d8fab8d08143dd2dacdf673c av_one_fifth  avia-builder-el-0  el_before_av_one_fifth  avia-builder-el-first  first flex_column_div av-zero-column-padding  '     ><\/div>\n\n<style type=\"text\/css\" data-created_by=\"avia_inline_auto\" id=\"style-css-av-av_one_fifth-0aa7055fe62c3622faec82866afbaeb2\">\n.flex_column.av-av_one_fifth-0aa7055fe62c3622faec82866afbaeb2{\nborder-radius:0px 0px 0px 0px;\npadding:0px 0px 0px 0px;\n}\n<\/style>\n<div  class='flex_column av-av_one_fifth-0aa7055fe62c3622faec82866afbaeb2 av_one_fifth  avia-builder-el-1  el_after_av_one_fifth  el_before_av_two_fifth  flex_column_div av-zero-column-padding  '     ><style type=\"text\/css\" data-created_by=\"avia_inline_auto\" id=\"style-css-av-av_image-932d9d172dcb1217a8c65e2c5a6c6063\">\n.avia-image-container.av-av_image-932d9d172dcb1217a8c65e2c5a6c6063 img.avia_image{\nbox-shadow:none;\n}\n.avia-image-container.av-av_image-932d9d172dcb1217a8c65e2c5a6c6063 .av-image-caption-overlay-center{\ncolor:#ffffff;\n}\n<\/style>\n<div  class='avia-image-container av-av_image-932d9d172dcb1217a8c65e2c5a6c6063 av-styling- avia-align-center  avia-builder-el-2  avia-builder-el-no-sibling '   itemprop=\"image\" itemscope=\"itemscope\" itemtype=\"https:\/\/schema.org\/ImageObject\" ><div class=\"avia-image-container-inner\"><div class=\"avia-image-overlay-wrap\"><img decoding=\"async\" fetchpriority=\"high\" class='wp-image-4486 avia-img-lazy-loading-not-4486 avia_image ' src=\"http:\/\/www.isbe-archaeologie.at\/wp-content\/uploads\/2015\/02\/ISBE_Forschungen_Bd_1_-249x300.jpg\" alt='' title='ISBE_Forschungen_Bd_1_'  height=\"300\" width=\"249\"  itemprop=\"thumbnailUrl\" srcset=\"http:\/\/www.isbe-archaeologie.at\/wp-content\/uploads\/2015\/02\/ISBE_Forschungen_Bd_1_-249x300.jpg 249w, http:\/\/www.isbe-archaeologie.at\/wp-content\/uploads\/2015\/02\/ISBE_Forschungen_Bd_1_-768x927.jpg 768w, http:\/\/www.isbe-archaeologie.at\/wp-content\/uploads\/2015\/02\/ISBE_Forschungen_Bd_1_-853x1030.jpg 853w, http:\/\/www.isbe-archaeologie.at\/wp-content\/uploads\/2015\/02\/ISBE_Forschungen_Bd_1_-584x705.jpg 584w, http:\/\/www.isbe-archaeologie.at\/wp-content\/uploads\/2015\/02\/ISBE_Forschungen_Bd_1_-450x543.jpg 450w, http:\/\/www.isbe-archaeologie.at\/wp-content\/uploads\/2015\/02\/ISBE_Forschungen_Bd_1_.jpg 859w\" sizes=\"(max-width: 249px) 100vw, 249px\" \/><\/div><\/div><\/div><\/div>\n\n<style type=\"text\/css\" data-created_by=\"avia_inline_auto\" id=\"style-css-av-av_two_fifth-0aa7055fe62c3622faec82866afbaeb2\">\n.flex_column.av-av_two_fifth-0aa7055fe62c3622faec82866afbaeb2{\nborder-radius:0px 0px 0px 0px;\npadding:0px 0px 0px 0px;\n}\n<\/style>\n<div  class='flex_column av-av_two_fifth-0aa7055fe62c3622faec82866afbaeb2 av_two_fifth  avia-builder-el-3  el_after_av_one_fifth  el_before_av_textblock  flex_column_div av-zero-column-padding  '     ><section  class='av_textblock_section av-av_textblock-0366cc7376be6c9e82a3e9cc8987b64f '   itemscope=\"itemscope\" itemtype=\"https:\/\/schema.org\/CreativeWork\" ><div class='avia_textblock'  itemprop=\"text\" ><p><strong>Der erste Band der ISBE-Forschungen, eine Publikationsreihe die gemeinsam mit dem Kulturpark Hengist herausgegeben wird ist 2020 erschienen und \u00fcber\u00a0<a href=\"http:\/\/office@isbe-archaeologie.at\/\" target=\"_blank\" rel=\"noopener\">ISBE<\/a>\u00a0erh\u00e4ltlich!<\/strong><\/p>\n<\/div><\/section><\/div>\n<section  class='av_textblock_section av-av_textblock-0366cc7376be6c9e82a3e9cc8987b64f '   itemscope=\"itemscope\" itemtype=\"https:\/\/schema.org\/CreativeWork\" ><div class='avia_textblock'  itemprop=\"text\" ><ul>\n<li>Helmut Vrabec, Geophysikalische Prospektion im Neumarkter Hochtal &#8211; Ein Vorbericht, Forum Archaeologiae &#8211; <a href=\"http:\/\/farch.net\/\" target=\"_blank\" rel=\"noopener\">Zeitschrift f\u00fcr klassische Arch\u00e4ologie 99\/VI\/2021<\/a><\/li>\n<li>Martin Bertha, Der Burgberg vor der Burg, Die urgeschichtliche Besiedlung des Eppensteiner Burgberges, <a href=\"https:\/\/www.hlk.steiermark.at\/cms\/beitrag\/12830556\/153524465\/#tb2\" target=\"_blank\" rel=\"noopener\">Blog der Historischen Landeskommission f\u00fcr Steiermark<\/a><\/li>\n<li>Martin Bertha, Der Burgberg vor der Burg, Die urgeschichtliche Besiedlung des Eppensteiner Burgberges anhand der Surveyfunde der Jahre 2011 &#8211; 2013, Ein Beitrag zur fr\u00fchen Besiedlungsgeschichte des oberen Murtales,\u00a0Forschungen zur geschichtlichen Landeskunde der Steiermark, 90, Graz 2021.<\/li>\n<li>Georg Tiefengraber, Der Grazer Schlo\u00dfberg in der Urgeschichte und R\u00f6merzeit. Eine Rekonstruktionsskizze, in: F. Bouvier, W. Dornik, O. Hochreiter, N. Reisinger, K. M.\u00a0 Schmidlechner (Hg.), Der Grazer Schlo\u00dfberg, Historisches Jahrbuch der Stadt Graz 49\/50, 19 &#8211; 33, Graz 2020.<\/li>\n<li>Christoph Gutjahr und Georg Tiefengraber (Hrsg.), Materialhefte zur Arch\u00e4ologie des S\u00fcdostalpenraumes Band 1, Beitr\u00e4ge zur Kupferzeit am Rande der S\u00fcdostalpen, = Hengist-Studien, Band 5 und ISBE-Forschungen, Band 1; Rahden\/Westf. 2020.<\/li>\n<li>Susanne Tiefengraber und Georg Tiefengraber, Landscape-studies of the micro-region Strettweg (Aichfeld\/Murboden) in Austrian Styria in the framework of the Iron-Age-Danube project, in: Matija \u010cre\u0161nar, Marko Mele (Ed.), \u00a0Early Iron Age Landscapes of the Danube region, Graz, Budapest 2019, 75- 107. <a href=\"https:\/\/www.academia.edu\/43414226\/Landscape_studies_of_the_micro-region_Strettweg_Aichfeld_Murboden_in_Austrian_Styria_in_the_framework_of_the_Iron-Age-Danube_project\" target=\"_blank\" rel=\"noopener\">pdf.download<\/a><\/li>\n<li>Martina Juri\u0161i\u0107, Susanne Tiefengraber, Katalin Woll\u00e1k, Katharina Zanier, Matija \u010cre\u0161nar, Martin Fera, Practical considerations and legal framework, \u00a0in: Zolt\u00e1n Czajlik, Matija \u010cre\u0161nar, Michael Doneus, Martin Fera, Anja Hellmuth Kramberger, Marko Mele (Ed.), Researching archaeological landscapes across borders Strategies, methods and decisions for the 21st century, Graz, Budapest 2019, 43 \u2013 79.<a href=\"https:\/\/www.academia.edu\/40373820\/Z._Czajlik_M._\u010cre\u0161nar_M._Doneus_M._Fera_A._Hellmuth_Kramberger_and_M._Mele_ed._Researching_Archaeological_Landscapes_Across_Borders._Strategies_Methods_and_Decisions_for_the_21st_Century_Graz_Budapest_2019_\" target=\"_blank\" rel=\"noopener\"> pdf.download<\/a><\/li>\n<li>Luka Gru\u0161kovnjak, Susanne Tiefengraber, Matija \u010cre\u0161nar,\u00a0 Archaeological surface survey, \u00a0in: Zolt\u00e1n Czajlik, Matija \u010cre\u0161nar, Michael Doneus, Martin Fera, Anja Hellmuth Kramberger, Marko Mele (Ed.), Researching archaeological landscapes across borders Strategies, methods and decisions for the 21st century, Graz, Budapest 2019, 91 \u2013 101. <a href=\"https:\/\/www.academia.edu\/40373820\/Z._Czajlik_M._\u010cre\u0161nar_M._Doneus_M._Fera_A._Hellmuth_Kramberger_and_M._Mele_ed._Researching_Archaeological_Landscapes_Across_Borders._Strategies_Methods_and_Decisions_for_the_21st_Century_Graz_Budapest_2019_\" target=\"_blank\" rel=\"noopener\">pdf.download<\/a><\/li>\n<li>A. Hellmuth Kramberger (Bearb.), Eisenzeit Kids (Deutsche Fassung: S. Tiefengraber, R. Kl\u00f6ckl, A. Hellmuth Kramberger), Graz 2019. <a href=\"https:\/\/www.academia.edu\/40433580\/A._Hellmuth_Kramberger_Bearb._Eisenzeit_Kids_Deutsche_Fassung_S._Tiefengraber_R._Kl\u00f6ckl_A._Hellmuth_Kramberger_Graz_2019_\" target=\"_blank\" rel=\"noopener\">pdf.download<\/a><\/li>\n<li style=\"text-align: justify;\">Georg und Susanne Tiefengraber, Beitr\u00e4ge zur hallstattzeitlichen Architektur auf H\u00f6hensiedlungen der Obersteiermark (\u00d6sterreich), in: Peter Trebsche, et al. (Hrsg.), Architektur: Interpretation und Rekonstruktion. Beitr\u00e4ge zur Sitzung der AG Eisenzeit w\u00e4hrend des 6. Deutschen Arch\u00e4ologie-Kongresses in Mannheim 2008. Beitr\u00e4ge zur Ur- und Fr\u00fchgeschichte Mitteleuropas 55, Langenweissbach 2009, 97 ff.<\/li>\n<li style=\"text-align: justify;\">Susanne Tiefengraber, <a href=\"http:\/\/www.stadtarchaeologie.at\/wp-content\/uploads\/eBook_CHNT16_Part3.pdf\" target=\"_blank\" rel=\"noopener\">Large scaled aerea LIDAR-data analysis at the example of Styria, 16th International Conference on \u201cCultural Heritage and New Technologies\u201d Vienna, 2011, 115-121<\/a><\/li>\n<li style=\"text-align: justify;\">Susanne Tiefengraber, St. Jakob am Mitterberg \u2013 Romanische Kirchenruine und fr\u00fche mittelalterliche Burgstelle, in: E. Trinkl (Hrsg.), Akten des 14. \u00d6sterreichischen Arch\u00e4ologentages am Institut f\u00fcr Arch\u00e4ologie der Universit\u00e4t Graz vom 19. bis 21. April 2012\u00a0<a href=\"http:\/\/www.isbe-archaeologie.at\/wp-content\/uploads\/2015\/02\/mitterberg_arch\u00e4ologentag_publikation.pdf\" target=\"_blank\">mitterberg_arch\u00e4ologentag_publikation<\/a><\/li>\n<li style=\"text-align: justify;\">Georg und Susanne Tiefengraber, Stefan Moser, Reiterkrieger? Priesterin? Das R\u00e4tsel des Kultwagengrabes von Strettweg bei Judenburg. Katalog zur gleichnamigen Ausstellung im Stadtmuseum Judenburg, 25. Juni 2013\u201318. April 2014, Judenburg 2013. (Hrsg.: Arbeitskreis Falkenberg e. V.)<\/li>\n<li style=\"text-align: justify;\">Georg und Susanne Tiefengraber, Die hallstattzeitlichen F\u00fcrsten von Strettweg &#8211; Reiterkrieger \u2013 Priesterinnen \u2013 Herren des Eisens, Arch\u00e4ologie in Deutschland AID 3\/2014, Stuttgart 2014, 58 \u2013 61<\/li>\n<li style=\"text-align: justify;\">Georg und Susanne Tiefengraber, Die Ergebnisse der arch\u00e4ologischen Grabungen auf dem Schlossberg im Mai 2014, in: I. Lukas, St. Lorenzen bei Knittelfeld \u2013 Vergangenheit und Neubeginn, St. Lorenzen bei Knittelfeld 2014, 23-33<\/li>\n<li style=\"text-align: justify;\">Georg und Susanne Tiefengraber, \u00a0Zum Stand der Erforschung hallstattzeitlicher \u201eZentralsiedlungen\u201c in der Obersteiermark, in: Christoph Gutjahr und Georg Tiefengraber (Hrsg.), Neue Forschungen zur Hallstattzeit am Rande der S\u00fcdostalpen, Internationale Arch\u00e4ologie, Arbeitsgemeinschaft, Symposium, Tagung, Kongress 19, Rahden\/Westfalen 2015, = Hengist-Studien 3, 215-273<\/li>\n<li style=\"text-align: justify;\">Nicole Kamp, Susanne Tiefengraber, Georg Tiefengraber, Oliver Sass und Norbert Pfeifer, Ausgrabungsergebnisse versus Messergebnisse \u2012 ein Feldversuch an einem eisenzeitlichen Fundplatz in der Steiermark, in:\u00a0Universit\u00e4t Salzburg | IFFB Geoinformatik &#8211; Z_GIS (Hrsg.), 2015, 9-15 &#8211; \u00a0<a href=\"http:\/\/gispoint.de\/fileadmin\/user_upload\/paper_gis_open\/537557002.pdf\" target=\"_blank\" rel=\"noopener\">Pdf download<\/a><\/li>\n<li style=\"text-align: justify;\">Susanne und Georg Tiefengraber, Die &#8222;F\u00fcrstengr\u00e4ber&#8220; von Strettweg und Waltersdorf, Eine arch\u00e4ologische Suche nach den Spuren l\u00e4ngst vergangener Zeiten, in: Arbeitskreis Falkenberg (Hrsg.), Die Hallstattf\u00fcrsten vom Falkenberg, Die Region Murtal erforscht ihre Geschichte, 23-60<\/li>\n<li style=\"text-align: justify;\">Susanne Tiefengraber, Institut f\u00fcr s\u00fcdostalpine Bronze- und Eisenzeitforschung \/ ISBE, Forum Archaeologiae 77\/XII\/2015 (http:\/\/farch.net) &#8211; Pdf download:\u00a0<a href=\"http:\/\/www.isbe-archaeologie.at\/wp-content\/uploads\/2015\/02\/forum77isbe.pdf\">forum77isbe<\/a><\/li>\n<\/ul>\n<\/div><\/section>\n<div  class='avia-button-wrap av-av_button-453e1482af841cfa803b1c1eb934ee1b-wrap avia-button-right  avia-builder-el-6  el_after_av_textblock  el_before_av_masonry_gallery  avia-builder-el-last '><a href='http:\/\/www.isbe-archaeologie.at\/?page_id=3523'  class='avia-button av-av_button-453e1482af841cfa803b1c1eb934ee1b av-link-btn avia-icon_select-no avia-size-small avia-position-right avia-color-theme-color-subtle'  ><span class='avia_iconbox_title' >zur\u00fcck<\/span><\/a><\/div>\n<div id='av-masonry-1' class='av-masonry av-av_masonry_gallery-8b46e0553c671a72e81593b5f93354c8 noHover av-fixed-size av-1px-gap av-hover-overlay- av-masonry-animation-active av-masonry-col-6 av-caption-always av-caption-style- av-masonry-gallery ' data-post_id=\"3571\"><div class=\"av-masonry-container isotope av-js-disabled\"><div class='av-masonry-entry isotope-item av-masonry-item-no-image '><\/div><a href=\"http:\/\/www.isbe-archaeologie.at\/wp-content\/uploads\/2015\/02\/Blick-gegen-den-Preger-Schlosskogel-und-den-Ramberg-1030x690.jpg\" data-srcset=\"http:\/\/www.isbe-archaeologie.at\/wp-content\/uploads\/2015\/02\/Blick-gegen-den-Preger-Schlosskogel-und-den-Ramberg-1030x690.jpg 1030w, http:\/\/www.isbe-archaeologie.at\/wp-content\/uploads\/2015\/02\/Blick-gegen-den-Preger-Schlosskogel-und-den-Ramberg-300x201.jpg 300w, http:\/\/www.isbe-archaeologie.at\/wp-content\/uploads\/2015\/02\/Blick-gegen-den-Preger-Schlosskogel-und-den-Ramberg-705x472.jpg 705w, http:\/\/www.isbe-archaeologie.at\/wp-content\/uploads\/2015\/02\/Blick-gegen-den-Preger-Schlosskogel-und-den-Ramberg-450x301.jpg 450w, http:\/\/www.isbe-archaeologie.at\/wp-content\/uploads\/2015\/02\/Blick-gegen-den-Preger-Schlosskogel-und-den-Ramberg.jpg 1181w\" data-sizes=\"(max-width: 1030px) 100vw, 1030px\"  aria-label=\"Bild Blick gegen den Preger Schlosskogel und den Ramberg\"  id='av-masonry-1-item-3572' data-av-masonry-item='3572' class='av-masonry-entry isotope-item post-3572 attachment type-attachment status-inherit hentry  av-masonry-item-with-image' title=\"Blick gegen den Preger Schlosskogel und den Ramberg\" alt=\"\"    itemprop=\"thumbnailUrl\" ><div class='av-inner-masonry-sizer'><\/div><figure class='av-inner-masonry main_color'><div class=\"av-masonry-outerimage-container\"><div class='av-masonry-image-container' style=\"background-image: url(http:\/\/www.isbe-archaeologie.at\/wp-content\/uploads\/2015\/02\/Blick-gegen-den-Preger-Schlosskogel-und-den-Ramberg-705x472.jpg);\"  title=\"Blick gegen den Preger Schlosskogel und den Ramberg\"  ><\/div><\/div><\/figure><\/a><!--end av-masonry entry--><a href=\"http:\/\/www.isbe-archaeologie.at\/wp-content\/uploads\/2015\/02\/Blick-von-Norden-auf-das-Aichfeld-1030x690.jpg\" data-srcset=\"http:\/\/www.isbe-archaeologie.at\/wp-content\/uploads\/2015\/02\/Blick-von-Norden-auf-das-Aichfeld-1030x690.jpg 1030w, http:\/\/www.isbe-archaeologie.at\/wp-content\/uploads\/2015\/02\/Blick-von-Norden-auf-das-Aichfeld-300x201.jpg 300w, http:\/\/www.isbe-archaeologie.at\/wp-content\/uploads\/2015\/02\/Blick-von-Norden-auf-das-Aichfeld-705x472.jpg 705w, http:\/\/www.isbe-archaeologie.at\/wp-content\/uploads\/2015\/02\/Blick-von-Norden-auf-das-Aichfeld-450x301.jpg 450w, http:\/\/www.isbe-archaeologie.at\/wp-content\/uploads\/2015\/02\/Blick-von-Norden-auf-das-Aichfeld.jpg 1181w\" data-sizes=\"(max-width: 1030px) 100vw, 1030px\"  aria-label=\"Bild Blick von Norden auf das Aichfeld\"  id='av-masonry-1-item-3573' data-av-masonry-item='3573' class='av-masonry-entry isotope-item post-3573 attachment type-attachment status-inherit hentry  av-masonry-item-with-image' title=\"Blick von Norden auf das Aichfeld\" alt=\"\"    itemprop=\"thumbnailUrl\" ><div class='av-inner-masonry-sizer'><\/div><figure class='av-inner-masonry main_color'><div class=\"av-masonry-outerimage-container\"><div class='av-masonry-image-container' style=\"background-image: url(http:\/\/www.isbe-archaeologie.at\/wp-content\/uploads\/2015\/02\/Blick-von-Norden-auf-das-Aichfeld-705x472.jpg);\"  title=\"Blick von Norden auf das Aichfeld\"  ><\/div><\/div><\/figure><\/a><!--end av-masonry entry--><a href=\"http:\/\/www.isbe-archaeologie.at\/wp-content\/uploads\/2015\/02\/Morgenstimmung-beim-Bleikolmh\u00fcgel-1030x668.jpg\" data-srcset=\"http:\/\/www.isbe-archaeologie.at\/wp-content\/uploads\/2015\/02\/Morgenstimmung-beim-Bleikolmh\u00fcgel-1030x668.jpg 1030w, http:\/\/www.isbe-archaeologie.at\/wp-content\/uploads\/2015\/02\/Morgenstimmung-beim-Bleikolmh\u00fcgel-300x195.jpg 300w, http:\/\/www.isbe-archaeologie.at\/wp-content\/uploads\/2015\/02\/Morgenstimmung-beim-Bleikolmh\u00fcgel-705x457.jpg 705w, http:\/\/www.isbe-archaeologie.at\/wp-content\/uploads\/2015\/02\/Morgenstimmung-beim-Bleikolmh\u00fcgel-450x292.jpg 450w, http:\/\/www.isbe-archaeologie.at\/wp-content\/uploads\/2015\/02\/Morgenstimmung-beim-Bleikolmh\u00fcgel.jpg 1181w\" data-sizes=\"(max-width: 1030px) 100vw, 1030px\"  aria-label=\"Bild Morgenstimmung beim Bleikolmh\u00fcgel\"  id='av-masonry-1-item-3574' data-av-masonry-item='3574' class='av-masonry-entry isotope-item post-3574 attachment type-attachment status-inherit hentry  av-masonry-item-with-image' title=\"Morgenstimmung beim Bleikolmh\u00fcgel\" alt=\"\"    itemprop=\"thumbnailUrl\" ><div class='av-inner-masonry-sizer'><\/div><figure class='av-inner-masonry main_color'><div class=\"av-masonry-outerimage-container\"><div class='av-masonry-image-container' style=\"background-image: url(http:\/\/www.isbe-archaeologie.at\/wp-content\/uploads\/2015\/02\/Morgenstimmung-beim-Bleikolmh\u00fcgel-705x457.jpg);\"  title=\"Morgenstimmung beim Bleikolmh\u00fcgel\"  ><\/div><\/div><\/figure><\/a><!--end av-masonry entry--><a href=\"http:\/\/www.isbe-archaeologie.at\/wp-content\/uploads\/2015\/02\/Morgenstimmung-im-Aichfeld-1030x686.jpg\" data-srcset=\"http:\/\/www.isbe-archaeologie.at\/wp-content\/uploads\/2015\/02\/Morgenstimmung-im-Aichfeld-1030x686.jpg 1030w, http:\/\/www.isbe-archaeologie.at\/wp-content\/uploads\/2015\/02\/Morgenstimmung-im-Aichfeld-300x200.jpg 300w, http:\/\/www.isbe-archaeologie.at\/wp-content\/uploads\/2015\/02\/Morgenstimmung-im-Aichfeld-705x470.jpg 705w, http:\/\/www.isbe-archaeologie.at\/wp-content\/uploads\/2015\/02\/Morgenstimmung-im-Aichfeld-450x300.jpg 450w, http:\/\/www.isbe-archaeologie.at\/wp-content\/uploads\/2015\/02\/Morgenstimmung-im-Aichfeld.jpg 1181w\" data-sizes=\"(max-width: 1030px) 100vw, 1030px\"  aria-label=\"Bild Morgenstimmung im Aichfeld\"  id='av-masonry-1-item-3575' data-av-masonry-item='3575' class='av-masonry-entry isotope-item post-3575 attachment type-attachment status-inherit hentry  av-masonry-item-with-image' title=\"Morgenstimmung im Aichfeld\" alt=\"\"    itemprop=\"thumbnailUrl\" ><div class='av-inner-masonry-sizer'><\/div><figure class='av-inner-masonry main_color'><div class=\"av-masonry-outerimage-container\"><div class='av-masonry-image-container' style=\"background-image: url(http:\/\/www.isbe-archaeologie.at\/wp-content\/uploads\/2015\/02\/Morgenstimmung-im-Aichfeld-705x470.jpg);\"  title=\"Morgenstimmung im Aichfeld\"  ><\/div><\/div><\/figure><\/a><!--end av-masonry entry--><a href=\"http:\/\/www.isbe-archaeologie.at\/wp-content\/uploads\/2015\/02\/Regenbogen-\u00fcber-dem-P\u00f6lstal-1030x634.jpg\" data-srcset=\"http:\/\/www.isbe-archaeologie.at\/wp-content\/uploads\/2015\/02\/Regenbogen-\u00fcber-dem-P\u00f6lstal-1030x634.jpg 1030w, http:\/\/www.isbe-archaeologie.at\/wp-content\/uploads\/2015\/02\/Regenbogen-\u00fcber-dem-P\u00f6lstal-300x185.jpg 300w, http:\/\/www.isbe-archaeologie.at\/wp-content\/uploads\/2015\/02\/Regenbogen-\u00fcber-dem-P\u00f6lstal-705x434.jpg 705w, http:\/\/www.isbe-archaeologie.at\/wp-content\/uploads\/2015\/02\/Regenbogen-\u00fcber-dem-P\u00f6lstal-450x277.jpg 450w, http:\/\/www.isbe-archaeologie.at\/wp-content\/uploads\/2015\/02\/Regenbogen-\u00fcber-dem-P\u00f6lstal.jpg 1181w\" data-sizes=\"(max-width: 1030px) 100vw, 1030px\"  aria-label=\"Bild Regenbogen \u00fcber dem P\u00f6lstal\"  id='av-masonry-1-item-3662' data-av-masonry-item='3662' class='av-masonry-entry isotope-item post-3662 attachment type-attachment status-inherit hentry  av-masonry-item-with-image' title=\"Regenbogen \u00fcber dem P\u00f6lstal\" alt=\"\"    itemprop=\"thumbnailUrl\" ><div class='av-inner-masonry-sizer'><\/div><figure class='av-inner-masonry main_color'><div class=\"av-masonry-outerimage-container\"><div class='av-masonry-image-container' style=\"background-image: url(http:\/\/www.isbe-archaeologie.at\/wp-content\/uploads\/2015\/02\/Regenbogen-\u00fcber-dem-P\u00f6lstal-705x434.jpg);\"  title=\"Regenbogen \u00fcber dem P\u00f6lstal\"  ><\/div><\/div><\/figure><\/a><!--end av-masonry entry--><a href=\"http:\/\/www.isbe-archaeologie.at\/wp-content\/uploads\/2015\/02\/Ausblick-vom-Falkenberg-Richtung-Fohnsdorf1-1030x686.jpg\" data-srcset=\"http:\/\/www.isbe-archaeologie.at\/wp-content\/uploads\/2015\/02\/Ausblick-vom-Falkenberg-Richtung-Fohnsdorf1-1030x686.jpg 1030w, http:\/\/www.isbe-archaeologie.at\/wp-content\/uploads\/2015\/02\/Ausblick-vom-Falkenberg-Richtung-Fohnsdorf1-300x200.jpg 300w, http:\/\/www.isbe-archaeologie.at\/wp-content\/uploads\/2015\/02\/Ausblick-vom-Falkenberg-Richtung-Fohnsdorf1-705x470.jpg 705w, http:\/\/www.isbe-archaeologie.at\/wp-content\/uploads\/2015\/02\/Ausblick-vom-Falkenberg-Richtung-Fohnsdorf1-450x300.jpg 450w, http:\/\/www.isbe-archaeologie.at\/wp-content\/uploads\/2015\/02\/Ausblick-vom-Falkenberg-Richtung-Fohnsdorf1.jpg 1181w\" data-sizes=\"(max-width: 1030px) 100vw, 1030px\"  aria-label=\"Bild Ausblick vom Falkenberg Richtung Fohnsdorf\"  id='av-masonry-1-item-3663' data-av-masonry-item='3663' class='av-masonry-entry isotope-item post-3663 attachment type-attachment status-inherit hentry  av-masonry-item-with-image' title=\"Ausblick vom Falkenberg Richtung Fohnsdorf\" alt=\"\"    itemprop=\"thumbnailUrl\" ><div class='av-inner-masonry-sizer'><\/div><figure class='av-inner-masonry main_color'><div class=\"av-masonry-outerimage-container\"><div class='av-masonry-image-container' style=\"background-image: url(http:\/\/www.isbe-archaeologie.at\/wp-content\/uploads\/2015\/02\/Ausblick-vom-Falkenberg-Richtung-Fohnsdorf1-705x470.jpg);\"  title=\"Ausblick vom Falkenberg Richtung Fohnsdorf\"  ><\/div><\/div><\/figure><\/a><!--end av-masonry entry--><\/div><\/div>\n\n<style type=\"text\/css\" data-created_by=\"avia_inline_auto\" id=\"style-css-av-av_two_third-6126cab7d8fab8d08143dd2dacdf673c\">\n.flex_column.av-av_two_third-6126cab7d8fab8d08143dd2dacdf673c{\nborder-radius:0px 0px 0px 0px;\npadding:0px 0px 0px 0px;\n}\n<\/style>\n<div  class='flex_column av-av_two_third-6126cab7d8fab8d08143dd2dacdf673c av_two_third  avia-builder-el-8  el_after_av_masonry_gallery  avia-builder-el-no-sibling  first flex_column_div av-zero-column-padding  '     ><\/div>\n","protected":false},"excerpt":{"rendered":"","protected":false},"author":1,"featured_media":0,"parent":3523,"menu_order":3,"comment_status":"open","ping_status":"open","template":"","meta":{"footnotes":""},"_links":{"self":[{"href":"http:\/\/www.isbe-archaeologie.at\/index.php?rest_route=\/wp\/v2\/pages\/3571"}],"collection":[{"href":"http:\/\/www.isbe-archaeologie.at\/index.php?rest_route=\/wp\/v2\/pages"}],"about":[{"href":"http:\/\/www.isbe-archaeologie.at\/index.php?rest_route=\/wp\/v2\/types\/page"}],"author":[{"embeddable":true,"href":"http:\/\/www.isbe-archaeologie.at\/index.php?rest_route=\/wp\/v2\/users\/1"}],"replies":[{"embeddable":true,"href":"http:\/\/www.isbe-archaeologie.at\/index.php?rest_route=%2Fwp%2Fv2%2Fcomments&post=3571"}],"version-history":[{"count":25,"href":"http:\/\/www.isbe-archaeologie.at\/index.php?rest_route=\/wp\/v2\/pages\/3571\/revisions"}],"predecessor-version":[{"id":4695,"href":"http:\/\/www.isbe-archaeologie.at\/index.php?rest_route=\/wp\/v2\/pages\/3571\/revisions\/4695"}],"up":[{"embeddable":true,"href":"http:\/\/www.isbe-archaeologie.at\/index.php?rest_route=\/wp\/v2\/pages\/3523"}],"wp:attachment":[{"href":"http:\/\/www.isbe-archaeologie.at\/index.php?rest_route=%2Fwp%2Fv2%2Fmedia&parent=3571"}],"curies":[{"name":"wp","href":"https:\/\/api.w.org\/{rel}","templated":true}]}}